{"id":11,"date":"2026-01-22T18:12:28","date_gmt":"2026-01-22T18:12:28","guid":{"rendered":"https:\/\/almas-architecture.com\/?page_id=11"},"modified":"2026-03-18T12:56:44","modified_gmt":"2026-03-18T12:56:44","slug":"agence","status":"publish","type":"page","link":"https:\/\/almas-architecture.com\/index.php\/agence\/","title":{"rendered":"AGENCE"},"content":{"rendered":"\n<div class=\"wp-block-group alignfull has-accent-2-background-color has-background has-global-padding is-layout-constrained wp-container-core-group-is-layout-669513ed wp-block-group-is-layout-constrained\" style=\"margin-top:0;margin-bottom:0;padding-top:var(--wp--preset--spacing--50);padding-right:var(--wp--preset--spacing--50);padding-bottom:var(--wp--preset--spacing--50);padding-left:var(--wp--preset--spacing--50)\">\n<div class=\"wp-block-columns alignwide are-vertically-aligned-center is-layout-flex wp-container-core-columns-is-layout-28f84493 wp-block-columns-is-layout-flex\">\n<div class=\"wp-block-column is-vertically-aligned-center is-layout-flow wp-block-column-is-layout-flow\" style=\"flex-basis:60%\">\n<p class=\"has-heading-font-family\" style=\"margin-top:0;margin-bottom:0;font-size:clamp(18.959px, 1.185rem + ((1vw - 3.2px) * 0.936), 30px);line-height:1.2\">Des architectes r\u00e9unis autour d\u2019une pratique engag\u00e9e et transversale.<\/p>\n<\/div>\n<\/div>\n\n\n\n<figure class=\"wp-block-image alignfull size-large\"><img loading=\"lazy\" decoding=\"async\" width=\"1024\" height=\"576\" src=\"http:\/\/almas-architecture.com\/wp-content\/uploads\/2026\/01\/IMG-20250723-WA0019-1024x576.jpg\" alt=\"\" class=\"wp-image-14\" srcset=\"https:\/\/almas-architecture.com\/wp-content\/uploads\/2026\/01\/IMG-20250723-WA0019-1024x576.jpg 1024w, https:\/\/almas-architecture.com\/wp-content\/uploads\/2026\/01\/IMG-20250723-WA0019-300x169.jpg 300w, https:\/\/almas-architecture.com\/wp-content\/uploads\/2026\/01\/IMG-20250723-WA0019-768x432.jpg 768w, https:\/\/almas-architecture.com\/wp-content\/uploads\/2026\/01\/IMG-20250723-WA0019-1536x864.jpg 1536w, https:\/\/almas-architecture.com\/wp-content\/uploads\/2026\/01\/IMG-20250723-WA0019-2048x1152.jpg 2048w\" sizes=\"auto, (max-width: 1024px) 100vw, 1024px\" \/><\/figure>\n<\/div>\n\n\n\n<div class=\"wp-block-group alignfull has-base-background-color has-background has-global-padding is-layout-constrained wp-container-core-group-is-layout-d89aad35 wp-block-group-is-layout-constrained\" style=\"margin-top:0;margin-bottom:0;padding-top:var(--wp--preset--spacing--50);padding-right:var(--wp--preset--spacing--50);padding-bottom:var(--wp--preset--spacing--50);padding-left:var(--wp--preset--spacing--50)\">\n<div class=\"wp-block-columns alignwide is-layout-flex wp-container-core-columns-is-layout-549b0c86 wp-block-columns-is-layout-flex\">\n<div class=\"wp-block-column has-global-padding is-content-justification-center is-layout-constrained wp-container-core-column-is-layout-42d62dd4 wp-block-column-is-layout-constrained\" style=\"flex-basis:40%\">\n<p class=\"has-text-align-center\" style=\"font-size:clamp(18.959px, 1.185rem + ((1vw - 3.2px) * 0.936), 30px);\"><strong>ALMAS<\/strong><\/p>\n<\/div>\n\n\n\n<div class=\"wp-block-column is-layout-flow wp-container-core-column-is-layout-119bc444 wp-block-column-is-layout-flow\" style=\"flex-basis:60%\">\n<p class=\"has-text-align-center has-heading-font-family\" style=\"font-size:clamp(18.959px, 1.185rem + ((1vw - 3.2px) * 0.936), 30px);line-height:1.2\"><strong>La rencontre de trois pratiques compl\u00e9mentaires<\/strong> : transformer l\u2019existant et contribuer \u00e0 la r\u00e9silience du patrimoine.<\/p>\n\n\n\n<div class=\"wp-block-columns is-layout-flex wp-container-core-columns-is-layout-87beb0d0 wp-block-columns-is-layout-flex\">\n<div class=\"wp-block-column is-layout-flow wp-block-column-is-layout-flow\">\n<p class=\"has-text-align-center\">Au c\u0153ur de notre d\u00e9marche : l\u2019existant. Nous adoptons une approche fond\u00e9e sur la transformation et la valorisation des ressources existantes.<\/p>\n<\/div>\n<\/div>\n<\/div>\n<\/div>\n<\/div>\n\n\n\n<div class=\"wp-block-cover alignfull has-parallax\" style=\"padding-top:var(--wp--preset--spacing--50);padding-right:var(--wp--preset--spacing--50);padding-bottom:var(--wp--preset--spacing--50);padding-left:var(--wp--preset--spacing--50);min-height:344px;aspect-ratio:unset;\"><div class=\"wp-block-cover__image-background wp-image-67 size-full has-parallax\" style=\"background-position:50% 50%;background-image:url(http:\/\/almas-architecture.com\/wp-content\/uploads\/2026\/01\/sacre-coeur.jpg)\"><\/div><span aria-hidden=\"true\" class=\"wp-block-cover__background has-base-background-color has-background-dim-0 has-background-dim\"><\/span><div class=\"wp-block-cover__inner-container has-global-padding is-layout-constrained wp-container-core-cover-is-layout-e4fd886c wp-block-cover-is-layout-constrained\">\n<div style=\"height:500px\" aria-hidden=\"true\" class=\"wp-block-spacer\"><\/div>\n<\/div><\/div>\n\n\n\n<div style=\"height:var(--wp--preset--spacing--50)\" aria-hidden=\"true\" class=\"wp-block-spacer\"><\/div>\n\n\n\n<div class=\"wp-block-group alignfull has-base-2-background-color has-background has-global-padding is-layout-constrained wp-container-core-group-is-layout-7cd14b77 wp-block-group-is-layout-constrained\" style=\"margin-top:0;margin-bottom:0;padding-top:var(--wp--preset--spacing--60);padding-right:var(--wp--preset--spacing--60);padding-bottom:var(--wp--preset--spacing--60);padding-left:var(--wp--preset--spacing--60)\">\n<div class=\"wp-block-group alignwide is-layout-flow wp-block-group-is-layout-flow\">\n<div style=\"height:var(--wp--preset--spacing--50)\" aria-hidden=\"true\" class=\"wp-block-spacer\"><\/div>\n<\/div>\n\n\n\n<div class=\"wp-block-group alignfull has-mono-4-background-color has-background has-global-padding is-layout-constrained wp-container-core-group-is-layout-7b5e4b56 wp-block-group-is-layout-constrained\" style=\"margin-top:0;margin-bottom:0;padding-top:var(--wp--preset--spacing--superbspacing-medium);padding-right:var(--wp--preset--spacing--superbspacing-small);padding-bottom:var(--wp--preset--spacing--superbspacing-medium);padding-left:var(--wp--preset--spacing--superbspacing-small)\">\n<div class=\"wp-block-group alignwide is-vertical is-content-justification-center is-layout-flex wp-container-core-group-is-layout-4c120eef wp-block-group-is-layout-flex\">\n<h3 class=\"wp-block-heading has-text-align-left has-primary-color has-text-color has-superbfont-small-font-size\">Studio<\/h3>\n\n\n\n<h2 class=\"wp-block-heading has-text-align-center has-contrast-color has-text-color has-superbfont-xlarge-font-size\">ALMAS<\/h2>\n\n\n\n<p class=\"has-text-align-center has-mono-2-color has-text-color has-superbfont-small-font-size\">Un atelier o\u00f9 la collaboration et l\u2019innovation sont au c\u0153ur du processus de conception.<\/p>\n<\/div>\n\n\n\n<div class=\"wp-block-columns alignwide is-layout-flex wp-container-core-columns-is-layout-f9d87e41 wp-block-columns-is-layout-flex\">\n<div class=\"wp-block-column is-vertically-aligned-center is-layout-flow wp-container-core-column-is-layout-db2cb278 wp-block-column-is-layout-flow\">\n<figure class=\"wp-block-image size-large has-custom-border\"><img loading=\"lazy\" decoding=\"async\" width=\"819\" height=\"1024\" src=\"https:\/\/almas-architecture.com\/wp-content\/uploads\/2026\/02\/Alma-Portrait_Matteo_1-819x1024.jpg\" alt=\"\" class=\"wp-image-329\" style=\"border-radius:8px\" srcset=\"https:\/\/almas-architecture.com\/wp-content\/uploads\/2026\/02\/Alma-Portrait_Matteo_1-819x1024.jpg 819w, https:\/\/almas-architecture.com\/wp-content\/uploads\/2026\/02\/Alma-Portrait_Matteo_1-240x300.jpg 240w, https:\/\/almas-architecture.com\/wp-content\/uploads\/2026\/02\/Alma-Portrait_Matteo_1-768x960.jpg 768w, https:\/\/almas-architecture.com\/wp-content\/uploads\/2026\/02\/Alma-Portrait_Matteo_1-1229x1536.jpg 1229w, https:\/\/almas-architecture.com\/wp-content\/uploads\/2026\/02\/Alma-Portrait_Matteo_1-1639x2048.jpg 1639w, https:\/\/almas-architecture.com\/wp-content\/uploads\/2026\/02\/Alma-Portrait_Matteo_1-scaled.jpg 2048w\" sizes=\"auto, (max-width: 819px) 100vw, 819px\" \/><\/figure>\n\n\n\n<div class=\"wp-block-group has-global-padding is-layout-constrained wp-container-core-group-is-layout-85cc789f wp-block-group-is-layout-constrained\">\n<div class=\"wp-block-group has-global-padding is-layout-constrained wp-container-core-group-is-layout-19e250f3 wp-block-group-is-layout-constrained\">\n<h3 class=\"wp-block-heading has-text-align-center has-contrast-color has-text-color has-superbfont-small-font-size\">MEREA Matt\u00e9o<\/h3>\n\n\n\n<h3 class=\"wp-block-heading has-text-align-center has-contrast-color has-text-color has-superbfont-xsmall-font-size\" style=\"font-style:normal;font-weight:400\">Architecte &amp; Photographe<\/h3>\n\n\n\n<p class=\"has-text-align-center has-mono-2-color has-text-color has-link-color has-superbfont-xsmall-font-size wp-elements-70d8e4fff1469ec6f5b9c8621024dc02\" style=\"padding-top:var(--wp--preset--spacing--superbspacing-xxsmall);padding-bottom:var(--wp--preset--spacing--superbspacing-xxsmall)\">Architecte dipl\u00f4m\u00e9 de l\u2019ENSACF, Matteo a construit un parcours international, nourri par des exp\u00e9riences en Espagne, en Italie et au Royaume-Uni. <\/p>\n\n\n\n<p class=\"has-text-align-center has-mono-2-color has-text-color has-link-color has-superbfont-xsmall-font-size wp-elements-42fa6a58db5e6dc231d77e861d4f9917\" style=\"padding-top:var(--wp--preset--spacing--superbspacing-xxsmall);padding-bottom:var(--wp--preset--spacing--superbspacing-xxsmall)\">Il a repr\u00e9sent\u00e9 l\u2019Italie au sein du r\u00e9seau EASA \u00ab\u00a0European Architecture Students Assembly\u00a0\u00bb. Install\u00e9 \u00e0 Paris, il intervient sur des projets d\u2019architecture int\u00e9rieure et de r\u00e9novation pour des espaces de prestige. Parall\u00e8lement, il d\u00e9veloppe une pratique de photographe d\u2019architecture, mettant son regard d\u2019architecte au service d\u2019institutions d\u2019exception.<\/p>\n<\/div>\n\n\n\n<ul class=\"wp-block-social-links aligncenter has-icon-color is-style-logos-only is-layout-flex wp-block-social-links-is-layout-flex\"><li style=\"color:#5850EC;\" class=\"wp-social-link wp-social-link-linkedin has-primary-color wp-block-social-link\"><a href=\"https:\/\/linkedin.com\" class=\"wp-block-social-link-anchor\"><svg width=\"24\" height=\"24\" viewBox=\"0 0 24 24\" version=\"1.1\" xmlns=\"http:\/\/www.w3.org\/2000\/svg\" aria-hidden=\"true\" focusable=\"false\"><path d=\"M19.7,3H4.3C3.582,3,3,3.582,3,4.3v15.4C3,20.418,3.582,21,4.3,21h15.4c0.718,0,1.3-0.582,1.3-1.3V4.3 C21,3.582,20.418,3,19.7,3z M8.339,18.338H5.667v-8.59h2.672V18.338z M7.004,8.574c-0.857,0-1.549-0.694-1.549-1.548 c0-0.855,0.691-1.548,1.549-1.548c0.854,0,1.547,0.694,1.547,1.548C8.551,7.881,7.858,8.574,7.004,8.574z M18.339,18.338h-2.669 v-4.177c0-0.996-0.017-2.278-1.387-2.278c-1.389,0-1.601,1.086-1.601,2.206v4.249h-2.667v-8.59h2.559v1.174h0.037 c0.356-0.675,1.227-1.387,2.526-1.387c2.703,0,3.203,1.779,3.203,4.092V18.338z\"><\/path><\/svg><span class=\"wp-block-social-link-label screen-reader-text\">LinkedIn<\/span><\/a><\/li>\n\n<li style=\"color:#5850EC;\" class=\"wp-social-link wp-social-link-facebook has-primary-color wp-block-social-link\"><a href=\"https:\/\/facebook.com\" class=\"wp-block-social-link-anchor\"><svg width=\"24\" height=\"24\" viewBox=\"0 0 24 24\" version=\"1.1\" xmlns=\"http:\/\/www.w3.org\/2000\/svg\" aria-hidden=\"true\" focusable=\"false\"><path d=\"M12 2C6.5 2 2 6.5 2 12c0 5 3.7 9.1 8.4 9.9v-7H7.9V12h2.5V9.8c0-2.5 1.5-3.9 3.8-3.9 1.1 0 2.2.2 2.2.2v2.5h-1.3c-1.2 0-1.6.8-1.6 1.6V12h2.8l-.4 2.9h-2.3v7C18.3 21.1 22 17 22 12c0-5.5-4.5-10-10-10z\"><\/path><\/svg><span class=\"wp-block-social-link-label screen-reader-text\">Facebook<\/span><\/a><\/li>\n\n<li style=\"color:#5850EC;\" class=\"wp-social-link wp-social-link-instagram has-primary-color wp-block-social-link\"><a href=\"https:\/\/instagram.com\" class=\"wp-block-social-link-anchor\"><svg width=\"24\" height=\"24\" viewBox=\"0 0 24 24\" version=\"1.1\" xmlns=\"http:\/\/www.w3.org\/2000\/svg\" aria-hidden=\"true\" focusable=\"false\"><path d=\"M12,4.622c2.403,0,2.688,0.009,3.637,0.052c0.877,0.04,1.354,0.187,1.671,0.31c0.42,0.163,0.72,0.358,1.035,0.673 c0.315,0.315,0.51,0.615,0.673,1.035c0.123,0.317,0.27,0.794,0.31,1.671c0.043,0.949,0.052,1.234,0.052,3.637 s-0.009,2.688-0.052,3.637c-0.04,0.877-0.187,1.354-0.31,1.671c-0.163,0.42-0.358,0.72-0.673,1.035 c-0.315,0.315-0.615,0.51-1.035,0.673c-0.317,0.123-0.794,0.27-1.671,0.31c-0.949,0.043-1.233,0.052-3.637,0.052 s-2.688-0.009-3.637-0.052c-0.877-0.04-1.354-0.187-1.671-0.31c-0.42-0.163-0.72-0.358-1.035-0.673 c-0.315-0.315-0.51-0.615-0.673-1.035c-0.123-0.317-0.27-0.794-0.31-1.671C4.631,14.688,4.622,14.403,4.622,12 s0.009-2.688,0.052-3.637c0.04-0.877,0.187-1.354,0.31-1.671c0.163-0.42,0.358-0.72,0.673-1.035 c0.315-0.315,0.615-0.51,1.035-0.673c0.317-0.123,0.794-0.27,1.671-0.31C9.312,4.631,9.597,4.622,12,4.622 M12,3 C9.556,3,9.249,3.01,8.289,3.054C7.331,3.098,6.677,3.25,6.105,3.472C5.513,3.702,5.011,4.01,4.511,4.511 c-0.5,0.5-0.808,1.002-1.038,1.594C3.25,6.677,3.098,7.331,3.054,8.289C3.01,9.249,3,9.556,3,12c0,2.444,0.01,2.751,0.054,3.711 c0.044,0.958,0.196,1.612,0.418,2.185c0.23,0.592,0.538,1.094,1.038,1.594c0.5,0.5,1.002,0.808,1.594,1.038 c0.572,0.222,1.227,0.375,2.185,0.418C9.249,20.99,9.556,21,12,21s2.751-0.01,3.711-0.054c0.958-0.044,1.612-0.196,2.185-0.418 c0.592-0.23,1.094-0.538,1.594-1.038c0.5-0.5,0.808-1.002,1.038-1.594c0.222-0.572,0.375-1.227,0.418-2.185 C20.99,14.751,21,14.444,21,12s-0.01-2.751-0.054-3.711c-0.044-0.958-0.196-1.612-0.418-2.185c-0.23-0.592-0.538-1.094-1.038-1.594 c-0.5-0.5-1.002-0.808-1.594-1.038c-0.572-0.222-1.227-0.375-2.185-0.418C14.751,3.01,14.444,3,12,3L12,3z M12,7.378 c-2.552,0-4.622,2.069-4.622,4.622S9.448,16.622,12,16.622s4.622-2.069,4.622-4.622S14.552,7.378,12,7.378z M12,15 c-1.657,0-3-1.343-3-3s1.343-3,3-3s3,1.343,3,3S13.657,15,12,15z M16.804,6.116c-0.596,0-1.08,0.484-1.08,1.08 s0.484,1.08,1.08,1.08c0.596,0,1.08-0.484,1.08-1.08S17.401,6.116,16.804,6.116z\"><\/path><\/svg><span class=\"wp-block-social-link-label screen-reader-text\">Instagram<\/span><\/a><\/li><\/ul>\n<\/div>\n<\/div>\n\n\n\n<div class=\"wp-block-column is-vertically-aligned-center is-layout-flow wp-container-core-column-is-layout-db2cb278 wp-block-column-is-layout-flow\">\n<figure class=\"wp-block-image aligncenter size-large has-custom-border\"><img loading=\"lazy\" decoding=\"async\" width=\"819\" height=\"1024\" src=\"https:\/\/almas-architecture.com\/wp-content\/uploads\/2026\/02\/Alma-Portrait_Mathias_2-819x1024.jpg\" alt=\"\" class=\"wp-image-328\" style=\"border-radius:8px\" srcset=\"https:\/\/almas-architecture.com\/wp-content\/uploads\/2026\/02\/Alma-Portrait_Mathias_2-819x1024.jpg 819w, https:\/\/almas-architecture.com\/wp-content\/uploads\/2026\/02\/Alma-Portrait_Mathias_2-240x300.jpg 240w, https:\/\/almas-architecture.com\/wp-content\/uploads\/2026\/02\/Alma-Portrait_Mathias_2-768x960.jpg 768w, https:\/\/almas-architecture.com\/wp-content\/uploads\/2026\/02\/Alma-Portrait_Mathias_2-1229x1536.jpg 1229w, https:\/\/almas-architecture.com\/wp-content\/uploads\/2026\/02\/Alma-Portrait_Mathias_2-1638x2048.jpg 1638w, https:\/\/almas-architecture.com\/wp-content\/uploads\/2026\/02\/Alma-Portrait_Mathias_2-scaled.jpg 2048w\" sizes=\"auto, (max-width: 819px) 100vw, 819px\" \/><\/figure>\n\n\n\n<div class=\"wp-block-group has-global-padding is-layout-constrained wp-container-core-group-is-layout-85cc789f wp-block-group-is-layout-constrained\">\n<div class=\"wp-block-group has-global-padding is-layout-constrained wp-container-core-group-is-layout-19e250f3 wp-block-group-is-layout-constrained\">\n<h3 class=\"wp-block-heading has-text-align-center has-contrast-color has-text-color has-superbfont-small-font-size\">LANDES Mathias<\/h3>\n\n\n\n<h3 class=\"wp-block-heading has-text-align-center has-contrast-color has-text-color has-superbfont-xsmall-font-size\" style=\"font-style:normal;font-weight:400\">Architecte HMONP<\/h3>\n<\/div>\n\n\n\n<p class=\"has-text-align-center has-mono-2-color has-text-color has-superbfont-xsmall-font-size\" style=\"margin-top:var(--wp--preset--spacing--superbspacing-xxsmall);margin-bottom:var(--wp--preset--spacing--superbspacing-xxsmall)\">Architecte form\u00e9 \u00e0 L\u2019ENSAPL et pass\u00e9 par la Politecnica de Valencia, il obtient sa HMONP \u00e0 l\u2019ENSAPB. <\/p>\n\n\n\n<p class=\"has-text-align-center has-mono-2-color has-text-color has-superbfont-xsmall-font-size\" style=\"margin-top:var(--wp--preset--spacing--superbspacing-xxsmall);margin-bottom:var(--wp--preset--spacing--superbspacing-xxsmall)\">Son int\u00e9r\u00eat pour l\u2019aspect constructif et technique de l\u2019architecture accompagne ses exp\u00e9riences en Bureau d\u2019Etudes Technique TCE et en agence d\u2019architecture o\u00f9 il a eu l\u2019occasion de suivre des projets \u00e0 grande \u00e9chelle et de collaborer avec les majors de la construction. <\/p>\n\n\n\n<p class=\"has-text-align-center has-mono-2-color has-text-color has-superbfont-xsmall-font-size\" style=\"margin-top:var(--wp--preset--spacing--superbspacing-xxsmall);margin-bottom:var(--wp--preset--spacing--superbspacing-xxsmall)\">Son approche lui permet de donner un sens et une ma\u00eetrise au projet et de mettre la technique et la construction au service de l\u2019architecture.<\/p>\n\n\n\n<ul class=\"wp-block-social-links aligncenter has-icon-color is-style-logos-only is-layout-flex wp-block-social-links-is-layout-flex\"><li style=\"color:#5850EC;\" class=\"wp-social-link wp-social-link-linkedin has-primary-color wp-block-social-link\"><a href=\"https:\/\/linkedin.com\" class=\"wp-block-social-link-anchor\"><svg width=\"24\" height=\"24\" viewBox=\"0 0 24 24\" version=\"1.1\" xmlns=\"http:\/\/www.w3.org\/2000\/svg\" aria-hidden=\"true\" focusable=\"false\"><path d=\"M19.7,3H4.3C3.582,3,3,3.582,3,4.3v15.4C3,20.418,3.582,21,4.3,21h15.4c0.718,0,1.3-0.582,1.3-1.3V4.3 C21,3.582,20.418,3,19.7,3z M8.339,18.338H5.667v-8.59h2.672V18.338z M7.004,8.574c-0.857,0-1.549-0.694-1.549-1.548 c0-0.855,0.691-1.548,1.549-1.548c0.854,0,1.547,0.694,1.547,1.548C8.551,7.881,7.858,8.574,7.004,8.574z M18.339,18.338h-2.669 v-4.177c0-0.996-0.017-2.278-1.387-2.278c-1.389,0-1.601,1.086-1.601,2.206v4.249h-2.667v-8.59h2.559v1.174h0.037 c0.356-0.675,1.227-1.387,2.526-1.387c2.703,0,3.203,1.779,3.203,4.092V18.338z\"><\/path><\/svg><span class=\"wp-block-social-link-label screen-reader-text\">LinkedIn<\/span><\/a><\/li>\n\n<li style=\"color:#5850EC;\" class=\"wp-social-link wp-social-link-facebook has-primary-color wp-block-social-link\"><a href=\"https:\/\/facebook.com\" class=\"wp-block-social-link-anchor\"><svg width=\"24\" height=\"24\" viewBox=\"0 0 24 24\" version=\"1.1\" xmlns=\"http:\/\/www.w3.org\/2000\/svg\" aria-hidden=\"true\" focusable=\"false\"><path d=\"M12 2C6.5 2 2 6.5 2 12c0 5 3.7 9.1 8.4 9.9v-7H7.9V12h2.5V9.8c0-2.5 1.5-3.9 3.8-3.9 1.1 0 2.2.2 2.2.2v2.5h-1.3c-1.2 0-1.6.8-1.6 1.6V12h2.8l-.4 2.9h-2.3v7C18.3 21.1 22 17 22 12c0-5.5-4.5-10-10-10z\"><\/path><\/svg><span class=\"wp-block-social-link-label screen-reader-text\">Facebook<\/span><\/a><\/li>\n\n<li style=\"color:#5850EC;\" class=\"wp-social-link wp-social-link-instagram has-primary-color wp-block-social-link\"><a href=\"https:\/\/instagram.com\" class=\"wp-block-social-link-anchor\"><svg width=\"24\" height=\"24\" viewBox=\"0 0 24 24\" version=\"1.1\" xmlns=\"http:\/\/www.w3.org\/2000\/svg\" aria-hidden=\"true\" focusable=\"false\"><path d=\"M12,4.622c2.403,0,2.688,0.009,3.637,0.052c0.877,0.04,1.354,0.187,1.671,0.31c0.42,0.163,0.72,0.358,1.035,0.673 c0.315,0.315,0.51,0.615,0.673,1.035c0.123,0.317,0.27,0.794,0.31,1.671c0.043,0.949,0.052,1.234,0.052,3.637 s-0.009,2.688-0.052,3.637c-0.04,0.877-0.187,1.354-0.31,1.671c-0.163,0.42-0.358,0.72-0.673,1.035 c-0.315,0.315-0.615,0.51-1.035,0.673c-0.317,0.123-0.794,0.27-1.671,0.31c-0.949,0.043-1.233,0.052-3.637,0.052 s-2.688-0.009-3.637-0.052c-0.877-0.04-1.354-0.187-1.671-0.31c-0.42-0.163-0.72-0.358-1.035-0.673 c-0.315-0.315-0.51-0.615-0.673-1.035c-0.123-0.317-0.27-0.794-0.31-1.671C4.631,14.688,4.622,14.403,4.622,12 s0.009-2.688,0.052-3.637c0.04-0.877,0.187-1.354,0.31-1.671c0.163-0.42,0.358-0.72,0.673-1.035 c0.315-0.315,0.615-0.51,1.035-0.673c0.317-0.123,0.794-0.27,1.671-0.31C9.312,4.631,9.597,4.622,12,4.622 M12,3 C9.556,3,9.249,3.01,8.289,3.054C7.331,3.098,6.677,3.25,6.105,3.472C5.513,3.702,5.011,4.01,4.511,4.511 c-0.5,0.5-0.808,1.002-1.038,1.594C3.25,6.677,3.098,7.331,3.054,8.289C3.01,9.249,3,9.556,3,12c0,2.444,0.01,2.751,0.054,3.711 c0.044,0.958,0.196,1.612,0.418,2.185c0.23,0.592,0.538,1.094,1.038,1.594c0.5,0.5,1.002,0.808,1.594,1.038 c0.572,0.222,1.227,0.375,2.185,0.418C9.249,20.99,9.556,21,12,21s2.751-0.01,3.711-0.054c0.958-0.044,1.612-0.196,2.185-0.418 c0.592-0.23,1.094-0.538,1.594-1.038c0.5-0.5,0.808-1.002,1.038-1.594c0.222-0.572,0.375-1.227,0.418-2.185 C20.99,14.751,21,14.444,21,12s-0.01-2.751-0.054-3.711c-0.044-0.958-0.196-1.612-0.418-2.185c-0.23-0.592-0.538-1.094-1.038-1.594 c-0.5-0.5-1.002-0.808-1.594-1.038c-0.572-0.222-1.227-0.375-2.185-0.418C14.751,3.01,14.444,3,12,3L12,3z M12,7.378 c-2.552,0-4.622,2.069-4.622,4.622S9.448,16.622,12,16.622s4.622-2.069,4.622-4.622S14.552,7.378,12,7.378z M12,15 c-1.657,0-3-1.343-3-3s1.343-3,3-3s3,1.343,3,3S13.657,15,12,15z M16.804,6.116c-0.596,0-1.08,0.484-1.08,1.08 s0.484,1.08,1.08,1.08c0.596,0,1.08-0.484,1.08-1.08S17.401,6.116,16.804,6.116z\"><\/path><\/svg><span class=\"wp-block-social-link-label screen-reader-text\">Instagram<\/span><\/a><\/li><\/ul>\n<\/div>\n<\/div>\n\n\n\n<div class=\"wp-block-column is-vertically-aligned-center is-layout-flow wp-container-core-column-is-layout-db2cb278 wp-block-column-is-layout-flow\">\n<figure class=\"wp-block-image aligncenter size-large has-custom-border\"><img loading=\"lazy\" decoding=\"async\" width=\"819\" height=\"1024\" src=\"http:\/\/almas-architecture.com\/wp-content\/uploads\/2026\/01\/IMG-20250723-WA0010-819x1024.jpg\" alt=\"\" class=\"wp-image-35\" style=\"border-radius:8px\" srcset=\"https:\/\/almas-architecture.com\/wp-content\/uploads\/2026\/01\/IMG-20250723-WA0010-819x1024.jpg 819w, https:\/\/almas-architecture.com\/wp-content\/uploads\/2026\/01\/IMG-20250723-WA0010-240x300.jpg 240w, https:\/\/almas-architecture.com\/wp-content\/uploads\/2026\/01\/IMG-20250723-WA0010-768x960.jpg 768w, https:\/\/almas-architecture.com\/wp-content\/uploads\/2026\/01\/IMG-20250723-WA0010-1229x1536.jpg 1229w, https:\/\/almas-architecture.com\/wp-content\/uploads\/2026\/01\/IMG-20250723-WA0010-1639x2048.jpg 1639w, https:\/\/almas-architecture.com\/wp-content\/uploads\/2026\/01\/IMG-20250723-WA0010-scaled.jpg 2048w\" sizes=\"auto, (max-width: 819px) 100vw, 819px\" \/><\/figure>\n\n\n\n<div class=\"wp-block-group has-global-padding is-layout-constrained wp-container-core-group-is-layout-85cc789f wp-block-group-is-layout-constrained\">\n<div class=\"wp-block-group has-global-padding is-layout-constrained wp-container-core-group-is-layout-19e250f3 wp-block-group-is-layout-constrained\">\n<h3 class=\"wp-block-heading has-text-align-center has-contrast-color has-text-color has-superbfont-small-font-size\">ALGANE Marwan<\/h3>\n\n\n\n<h3 class=\"wp-block-heading has-text-align-center has-contrast-color has-text-color has-superbfont-xsmall-font-size\" style=\"font-style:normal;font-weight:400\">Architecte HMONP<\/h3>\n<\/div>\n\n\n\n<p class=\"has-text-align-center has-mono-2-color has-text-color has-link-color has-superbfont-xsmall-font-size wp-elements-a672817ef3eff8cefda5290ad1d7beb0\">Form\u00e9 \u00e0 l\u2019ENSAPL et \u00e0 l\u2019ENSAPLV, il est \u00e9galement titulaire d\u2019une licence professionnelle en gestion et r\u00e9habilitation du patrimoine obtenue \u00e0 l\u2019IUT G\u00e9nie civil de Saint-Nazaire.<\/p>\n\n\n\n<p class=\"has-text-align-center has-mono-2-color has-text-color has-superbfont-xsmall-font-size\">Il d\u00e9veloppe un engagement en faveur d\u2019une pratique responsable en s\u2019int\u00e9ressant aux enjeux de r\u00e9novation et de densification . Fort d\u2019une exp\u00e9rience dans le logement existant et d\u2019une ma\u00eetrise des outils num\u00e9riques, il aborde chaque projet avec une vision claire des enjeux \u00e9nerg\u00e9tiques et \u00e9conomiques.<\/p>\n\n\n\n<ul class=\"wp-block-social-links aligncenter has-icon-color is-style-logos-only is-layout-flex wp-block-social-links-is-layout-flex\"><li style=\"color:#5850EC;\" class=\"wp-social-link wp-social-link-linkedin has-primary-color wp-block-social-link\"><a href=\"https:\/\/linkedin.com\" class=\"wp-block-social-link-anchor\"><svg width=\"24\" height=\"24\" viewBox=\"0 0 24 24\" version=\"1.1\" xmlns=\"http:\/\/www.w3.org\/2000\/svg\" aria-hidden=\"true\" focusable=\"false\"><path d=\"M19.7,3H4.3C3.582,3,3,3.582,3,4.3v15.4C3,20.418,3.582,21,4.3,21h15.4c0.718,0,1.3-0.582,1.3-1.3V4.3 C21,3.582,20.418,3,19.7,3z M8.339,18.338H5.667v-8.59h2.672V18.338z M7.004,8.574c-0.857,0-1.549-0.694-1.549-1.548 c0-0.855,0.691-1.548,1.549-1.548c0.854,0,1.547,0.694,1.547,1.548C8.551,7.881,7.858,8.574,7.004,8.574z M18.339,18.338h-2.669 v-4.177c0-0.996-0.017-2.278-1.387-2.278c-1.389,0-1.601,1.086-1.601,2.206v4.249h-2.667v-8.59h2.559v1.174h0.037 c0.356-0.675,1.227-1.387,2.526-1.387c2.703,0,3.203,1.779,3.203,4.092V18.338z\"><\/path><\/svg><span class=\"wp-block-social-link-label screen-reader-text\">LinkedIn<\/span><\/a><\/li>\n\n<li style=\"color:#5850EC;\" class=\"wp-social-link wp-social-link-facebook has-primary-color wp-block-social-link\"><a href=\"https:\/\/facebook.com\" class=\"wp-block-social-link-anchor\"><svg width=\"24\" height=\"24\" viewBox=\"0 0 24 24\" version=\"1.1\" xmlns=\"http:\/\/www.w3.org\/2000\/svg\" aria-hidden=\"true\" focusable=\"false\"><path d=\"M12 2C6.5 2 2 6.5 2 12c0 5 3.7 9.1 8.4 9.9v-7H7.9V12h2.5V9.8c0-2.5 1.5-3.9 3.8-3.9 1.1 0 2.2.2 2.2.2v2.5h-1.3c-1.2 0-1.6.8-1.6 1.6V12h2.8l-.4 2.9h-2.3v7C18.3 21.1 22 17 22 12c0-5.5-4.5-10-10-10z\"><\/path><\/svg><span class=\"wp-block-social-link-label screen-reader-text\">Facebook<\/span><\/a><\/li>\n\n<li style=\"color:#5850EC;\" class=\"wp-social-link wp-social-link-instagram has-primary-color wp-block-social-link\"><a href=\"https:\/\/instagram.com\" class=\"wp-block-social-link-anchor\"><svg width=\"24\" height=\"24\" viewBox=\"0 0 24 24\" version=\"1.1\" xmlns=\"http:\/\/www.w3.org\/2000\/svg\" aria-hidden=\"true\" focusable=\"false\"><path d=\"M12,4.622c2.403,0,2.688,0.009,3.637,0.052c0.877,0.04,1.354,0.187,1.671,0.31c0.42,0.163,0.72,0.358,1.035,0.673 c0.315,0.315,0.51,0.615,0.673,1.035c0.123,0.317,0.27,0.794,0.31,1.671c0.043,0.949,0.052,1.234,0.052,3.637 s-0.009,2.688-0.052,3.637c-0.04,0.877-0.187,1.354-0.31,1.671c-0.163,0.42-0.358,0.72-0.673,1.035 c-0.315,0.315-0.615,0.51-1.035,0.673c-0.317,0.123-0.794,0.27-1.671,0.31c-0.949,0.043-1.233,0.052-3.637,0.052 s-2.688-0.009-3.637-0.052c-0.877-0.04-1.354-0.187-1.671-0.31c-0.42-0.163-0.72-0.358-1.035-0.673 c-0.315-0.315-0.51-0.615-0.673-1.035c-0.123-0.317-0.27-0.794-0.31-1.671C4.631,14.688,4.622,14.403,4.622,12 s0.009-2.688,0.052-3.637c0.04-0.877,0.187-1.354,0.31-1.671c0.163-0.42,0.358-0.72,0.673-1.035 c0.315-0.315,0.615-0.51,1.035-0.673c0.317-0.123,0.794-0.27,1.671-0.31C9.312,4.631,9.597,4.622,12,4.622 M12,3 C9.556,3,9.249,3.01,8.289,3.054C7.331,3.098,6.677,3.25,6.105,3.472C5.513,3.702,5.011,4.01,4.511,4.511 c-0.5,0.5-0.808,1.002-1.038,1.594C3.25,6.677,3.098,7.331,3.054,8.289C3.01,9.249,3,9.556,3,12c0,2.444,0.01,2.751,0.054,3.711 c0.044,0.958,0.196,1.612,0.418,2.185c0.23,0.592,0.538,1.094,1.038,1.594c0.5,0.5,1.002,0.808,1.594,1.038 c0.572,0.222,1.227,0.375,2.185,0.418C9.249,20.99,9.556,21,12,21s2.751-0.01,3.711-0.054c0.958-0.044,1.612-0.196,2.185-0.418 c0.592-0.23,1.094-0.538,1.594-1.038c0.5-0.5,0.808-1.002,1.038-1.594c0.222-0.572,0.375-1.227,0.418-2.185 C20.99,14.751,21,14.444,21,12s-0.01-2.751-0.054-3.711c-0.044-0.958-0.196-1.612-0.418-2.185c-0.23-0.592-0.538-1.094-1.038-1.594 c-0.5-0.5-1.002-0.808-1.594-1.038c-0.572-0.222-1.227-0.375-2.185-0.418C14.751,3.01,14.444,3,12,3L12,3z M12,7.378 c-2.552,0-4.622,2.069-4.622,4.622S9.448,16.622,12,16.622s4.622-2.069,4.622-4.622S14.552,7.378,12,7.378z M12,15 c-1.657,0-3-1.343-3-3s1.343-3,3-3s3,1.343,3,3S13.657,15,12,15z M16.804,6.116c-0.596,0-1.08,0.484-1.08,1.08 s0.484,1.08,1.08,1.08c0.596,0,1.08-0.484,1.08-1.08S17.401,6.116,16.804,6.116z\"><\/path><\/svg><span class=\"wp-block-social-link-label screen-reader-text\">Instagram<\/span><\/a><\/li><\/ul>\n<\/div>\n<\/div>\n<\/div>\n<\/div>\n\n\n\n<figure class=\"wp-block-image aligncenter size-full is-resized wp-duotone-grayscale\"><a href=\"https:\/\/paris-lavillette.archi.fr\/espace-pro\/incubateur-banc-dessais\/promotion-2025\/\"><img loading=\"lazy\" decoding=\"async\" width=\"290\" height=\"174\" src=\"http:\/\/almas-architecture.com\/wp-content\/uploads\/2026\/02\/logo-banc-dessai.png\" alt=\"\" class=\"wp-image-274\" style=\"aspect-ratio:1.6667992047713718;width:212px;height:auto\"\/><\/a><\/figure>\n\n\n\n<p class=\"has-text-align-center has-mono-2-color has-text-color has-link-color has-superbfont-xsmall-font-size wp-elements-44f72d9ba1370cc78167601bb81fa801\"><a href=\"https:\/\/paris-lavillette.archi.fr\/espace-pro\/incubateur-banc-dessais\/promotion-2025\/\" data-type=\"link\" data-id=\"https:\/\/paris-lavillette.archi.fr\/espace-pro\/incubateur-banc-dessais\/promotion-2025\/\">Membres de la promotion 2025<\/a><\/p>\n\n\n\n<div style=\"height:11px\" aria-hidden=\"true\" class=\"wp-block-spacer\"><\/div>\n\n\n\n<div class=\"wp-block-group alignfull has-mono-4-background-color has-background has-global-padding is-layout-constrained wp-container-core-group-is-layout-7b5e4b56 wp-block-group-is-layout-constrained\" style=\"margin-top:0;margin-bottom:0;padding-top:var(--wp--preset--spacing--superbspacing-medium);padding-right:var(--wp--preset--spacing--superbspacing-small);padding-bottom:var(--wp--preset--spacing--superbspacing-medium);padding-left:var(--wp--preset--spacing--superbspacing-small)\">\n<p class=\"has-text-align-left has-primary-color has-text-color has-link-color wp-elements-03008ea7168b7b6a961a19410ba9260c\">Implant\u00e9e sur Paris, <strong>ALMAS<\/strong> est une agence fond\u00e9e par Marwan ALGANE, Mathias LANDES et Matteo MEREA, anim\u00e9 par la volont\u00e9 de concevoir une architecture d\u00e9cloisonnant les connaissances et disciplines.&nbsp;<\/p>\n\n\n\n<p class=\"has-text-align-left has-primary-color has-text-color has-link-color wp-elements-abc70c7759f9c6578abaa2a14d249d94\"><strong>ALMAS<\/strong> est n\u00e9e de la rencontre de trois parcours architecturaux compl\u00e9mentaires, r\u00e9unis pour concevoir et r\u00e9aliser une grande diversit\u00e9 d\u2019op\u00e9ration programmatique en construction neuve comme en r\u00e9habilitation ou restructuration.<\/p>\n\n\n\n<p class=\"has-text-align-left has-primary-color has-text-color has-link-color wp-elements-e0331ec77ded83446d964424ef53c1c3\"><strong>ALMAS<\/strong>, revendique une approche engag\u00e9e avec la volont\u00e9 d\u2019intervenir sur un patrimoine afin d\u2019en r\u00e9v\u00e9ler les potentialit\u00e9s. Concevoir, c\u2019est affirmer une \u00e9criture ancr\u00e9e dans une lecture fine du contexte, o\u00f9 les enjeux environnementaux, sociaux et \u00e9conomiques deviennent des leviers de projet.<\/p>\n<\/div>\n<\/div>\n\n\n\n<div class=\"wp-block-group has-global-padding is-layout-constrained wp-block-group-is-layout-constrained\">\n<hr class=\"wp-block-separator has-alpha-channel-opacity is-style-wide\"\/>\n\n\n\n<h2 data-wp-context---core-fit-text=\"core\/fit-text::{&quot;fontSize&quot;:&quot;&quot;}\" data-wp-init---core-fit-text=\"core\/fit-text::callbacks.init\" data-wp-interactive data-wp-style--font-size=\"core\/fit-text::context.fontSize\" class=\"wp-block-heading has-fit-text has-primary-color has-text-color has-link-color wp-elements-a81e37131aef0bc6af8e4c66c3ab05b9\">ALMAS<\/h2>\n\n\n\n<hr class=\"wp-block-separator has-alpha-channel-opacity is-style-wide\"\/>\n\n\n\n<p data-wp-context---core-fit-text=\"core\/fit-text::{&quot;fontSize&quot;:&quot;&quot;}\" data-wp-init---core-fit-text=\"core\/fit-text::callbacks.init\" data-wp-interactive data-wp-style--font-size=\"core\/fit-text::context.fontSize\" class=\"has-fit-text\">ALGANE LANDES MEREA ARCHITECTURE STUDIO<\/p>\n<\/div>\n\n\n\n<hr class=\"wp-block-separator has-alpha-channel-opacity is-style-wide\"\/>\n","protected":false},"excerpt":{"rendered":"<p>Des architectes r\u00e9unis autour d\u2019une pratique engag\u00e9e et transversale. ALMAS La rencontre de trois pratiques compl\u00e9mentaires : transformer l\u2019existant et contribuer \u00e0 la r\u00e9silience du patrimoine. Au c\u0153ur de notre d\u00e9marche : l\u2019existant. Nous adoptons une approche fond\u00e9e sur la transformation et la valorisation des ressources existantes. Studio ALMAS Un atelier o\u00f9 la collaboration et [&hellip;]<\/p>\n","protected":false},"author":1,"featured_media":0,"parent":0,"menu_order":0,"comment_status":"closed","ping_status":"closed","template":"","meta":{"footnotes":""},"class_list":["post-11","page","type-page","status-publish","hentry"],"_links":{"self":[{"href":"https:\/\/almas-architecture.com\/index.php\/wp-json\/wp\/v2\/pages\/11","targetHints":{"allow":["GET"]}}],"collection":[{"href":"https:\/\/almas-architecture.com\/index.php\/wp-json\/wp\/v2\/pages"}],"about":[{"href":"https:\/\/almas-architecture.com\/index.php\/wp-json\/wp\/v2\/types\/page"}],"author":[{"embeddable":true,"href":"https:\/\/almas-architecture.com\/index.php\/wp-json\/wp\/v2\/users\/1"}],"replies":[{"embeddable":true,"href":"https:\/\/almas-architecture.com\/index.php\/wp-json\/wp\/v2\/comments?post=11"}],"version-history":[{"count":93,"href":"https:\/\/almas-architecture.com\/index.php\/wp-json\/wp\/v2\/pages\/11\/revisions"}],"predecessor-version":[{"id":498,"href":"https:\/\/almas-architecture.com\/index.php\/wp-json\/wp\/v2\/pages\/11\/revisions\/498"}],"wp:attachment":[{"href":"https:\/\/almas-architecture.com\/index.php\/wp-json\/wp\/v2\/media?parent=11"}],"curies":[{"name":"wp","href":"https:\/\/api.w.org\/{rel}","templated":true}]}}