{"id":24,"date":"2026-01-27T23:58:06","date_gmt":"2026-01-27T23:58:06","guid":{"rendered":"https:\/\/almas-architecture.com\/?page_id=24"},"modified":"2026-02-04T22:12:54","modified_gmt":"2026-02-04T22:12:54","slug":"valeurs","status":"publish","type":"page","link":"https:\/\/almas-architecture.com\/index.php\/valeurs\/","title":{"rendered":"VALEURS"},"content":{"rendered":"\n<div class=\"wp-block-group alignfull has-mono-4-background-color has-background has-global-padding is-layout-constrained wp-container-core-group-is-layout-7b5e4b56 wp-block-group-is-layout-constrained\" style=\"margin-top:0;margin-bottom:0;padding-top:var(--wp--preset--spacing--superbspacing-medium);padding-right:var(--wp--preset--spacing--superbspacing-small);padding-bottom:var(--wp--preset--spacing--superbspacing-medium);padding-left:var(--wp--preset--spacing--superbspacing-small)\">\n<div class=\"wp-block-group alignwide is-vertical is-content-justification-center is-layout-flex wp-container-core-group-is-layout-4c120eef wp-block-group-is-layout-flex\">\n<h3 class=\"wp-block-heading has-text-align-left has-primary-color has-text-color has-superbfont-small-font-size\">ALMAS<\/h3>\n\n\n\n<h2 class=\"wp-block-heading has-text-align-center has-contrast-color has-text-color has-superbfont-xlarge-font-size\">Notre \u00e9thique<\/h2>\n\n\n\n<p class=\"has-text-align-center has-mono-2-color has-text-color has-superbfont-small-font-size\">Respecter l\u2019histoire, agir avec int\u00e9grit\u00e9 et imaginer des espaces durables : telle est notre approche de l\u2019architecture.<\/p>\n<\/div>\n\n\n\n<div class=\"wp-block-columns alignwide is-layout-flex wp-container-core-columns-is-layout-f9d87e41 wp-block-columns-is-layout-flex\">\n<div class=\"wp-block-column is-vertically-aligned-center is-layout-flow wp-container-core-column-is-layout-db2cb278 wp-block-column-is-layout-flow\">\n<figure class=\"wp-block-image aligncenter size-full has-custom-border\"><img loading=\"lazy\" decoding=\"async\" width=\"768\" height=\"960\" src=\"https:\/\/almas-architecture.com\/wp-content\/uploads\/2026\/01\/haussmanien.jpg\" alt=\"\" class=\"wp-image-133\" style=\"border-radius:8px;aspect-ratio:1;object-fit:cover\" srcset=\"https:\/\/almas-architecture.com\/wp-content\/uploads\/2026\/01\/haussmanien.jpg 768w, https:\/\/almas-architecture.com\/wp-content\/uploads\/2026\/01\/haussmanien-240x300.jpg 240w\" sizes=\"auto, (max-width: 768px) 100vw, 768px\" \/><\/figure>\n\n\n\n<div class=\"wp-block-group has-global-padding is-layout-constrained wp-container-core-group-is-layout-85cc789f wp-block-group-is-layout-constrained\">\n<div class=\"wp-block-group has-global-padding is-layout-constrained wp-container-core-group-is-layout-19e250f3 wp-block-group-is-layout-constrained\">\n<h3 class=\"wp-block-heading has-text-align-center has-contrast-color has-text-color has-superbfont-medium-font-size\">H\u00e9ritage et m\u00e9moire des lieux<\/h3>\n<\/div>\n\n\n\n<p class=\"has-text-align-center has-mono-2-color has-text-color has-superbfont-xsmall-font-size\" style=\"margin-top:var(--wp--preset--spacing--superbspacing-xxsmall);margin-bottom:var(--wp--preset--spacing--superbspacing-xxsmall)\">Nous attachons une grande importance \u00e0 l\u2019histoire. Chaque projet na\u00eet d\u2019une lecture attentive du site et de son pass\u00e9, afin de pr\u00e9server son identit\u00e9 tout en l\u2019adaptant aux exigences contemporaines.<\/p>\n<\/div>\n<\/div>\n\n\n\n<div class=\"wp-block-column is-vertically-aligned-center is-layout-flow wp-container-core-column-is-layout-db2cb278 wp-block-column-is-layout-flow\">\n<figure class=\"wp-block-image aligncenter size-full has-custom-border\"><img loading=\"lazy\" decoding=\"async\" width=\"768\" height=\"960\" src=\"https:\/\/almas-architecture.com\/wp-content\/uploads\/2026\/01\/sacre-coeur-1.jpg\" alt=\"\" class=\"wp-image-134\" style=\"border-radius:8px;aspect-ratio:1;object-fit:cover\" srcset=\"https:\/\/almas-architecture.com\/wp-content\/uploads\/2026\/01\/sacre-coeur-1.jpg 768w, https:\/\/almas-architecture.com\/wp-content\/uploads\/2026\/01\/sacre-coeur-1-240x300.jpg 240w\" sizes=\"auto, (max-width: 768px) 100vw, 768px\" \/><\/figure>\n\n\n\n<div class=\"wp-block-group has-global-padding is-layout-constrained wp-container-core-group-is-layout-85cc789f wp-block-group-is-layout-constrained\">\n<div class=\"wp-block-group has-global-padding is-layout-constrained wp-container-core-group-is-layout-19e250f3 wp-block-group-is-layout-constrained\">\n<h3 class=\"wp-block-heading has-text-align-center has-contrast-color has-text-color has-superbfont-medium-font-size\">Engagement social et environnemental<\/h3>\n<\/div>\n\n\n\n<p class=\"has-text-align-center has-mono-2-color has-text-color has-superbfont-xsmall-font-size\" style=\"margin-top:var(--wp--preset--spacing--superbspacing-xxsmall);margin-bottom:var(--wp--preset--spacing--superbspacing-xxsmall)\">Nous cherchons \u00e0 imaginer des lieux durables, en pla\u00e7ant l\u2019humain au c\u0153ur de nos r\u00e9flexions, nous contribuons \u00e0 cr\u00e9er des environnements porteurs de sens, et \u00e0 am\u00e9liorer \u00e0 notre modeste \u00e9chelle la soci\u00e9t\u00e9.<\/p>\n<\/div>\n<\/div>\n\n\n\n<div class=\"wp-block-column is-vertically-aligned-center is-layout-flow wp-container-core-column-is-layout-db2cb278 wp-block-column-is-layout-flow\">\n<figure class=\"wp-block-image aligncenter size-full has-custom-border\"><img loading=\"lazy\" decoding=\"async\" width=\"768\" height=\"960\" src=\"https:\/\/almas-architecture.com\/wp-content\/uploads\/2026\/01\/seine-1.jpg\" alt=\"\" class=\"wp-image-135\" style=\"border-radius:8px;aspect-ratio:1;object-fit:cover\" srcset=\"https:\/\/almas-architecture.com\/wp-content\/uploads\/2026\/01\/seine-1.jpg 768w, https:\/\/almas-architecture.com\/wp-content\/uploads\/2026\/01\/seine-1-240x300.jpg 240w\" sizes=\"auto, (max-width: 768px) 100vw, 768px\" \/><\/figure>\n\n\n\n<div class=\"wp-block-group has-global-padding is-layout-constrained wp-container-core-group-is-layout-85cc789f wp-block-group-is-layout-constrained\">\n<div class=\"wp-block-group has-global-padding is-layout-constrained wp-container-core-group-is-layout-19e250f3 wp-block-group-is-layout-constrained\">\n<h3 class=\"wp-block-heading has-text-align-center has-contrast-color has-text-color has-superbfont-medium-font-size\">Innovation au service de l\u2019usage contemporain<\/h3>\n<\/div>\n\n\n\n<p class=\"has-text-align-center has-mono-2-color has-text-color has-superbfont-xsmall-font-size\" style=\"margin-top:var(--wp--preset--spacing--superbspacing-xxsmall);margin-bottom:var(--wp--preset--spacing--superbspacing-xxsmall)\">L\u2019innovation est pour nous un outil pour transformer un lieu en un espace vivant, o\u00f9 chaque geste de b\u00e2tir r\u00e9v\u00e8le le potentiel des lieux.<\/p>\n<\/div>\n<\/div>\n<\/div>\n\n\n\n<details class=\"wp-block-details is-layout-flow wp-block-details-is-layout-flow\"><summary>A PRODUIRE<\/summary>\n<p class=\"has-vivid-red-color has-text-color has-link-color wp-elements-05120373a53efe64232c9b39444e324f\">Exemple d&rsquo;une vid\u00e9o inspirante de pr\u00e9sentation d&rsquo;e l&rsquo;\u00e9quipe d&rsquo;une agence d&rsquo;architecture, \u00e0 s&rsquo;en inspirer pour ALMAS<\/p>\n<\/details>\n\n\n\n<figure class=\"wp-block-embed is-type-video is-provider-youtube wp-block-embed-youtube wp-embed-aspect-16-9 wp-has-aspect-ratio\"><div class=\"wp-block-embed__wrapper\">\n<iframe loading=\"lazy\" title=\"MERSI, une agence d&#039;architecture parisienne diff\u00e9rente.\" width=\"500\" height=\"281\" src=\"https:\/\/www.youtube.com\/embed\/25HZQF8-2f8?feature=oembed\" frameborder=\"0\" allow=\"accelerometer; autoplay; clipboard-write; encrypted-media; gyroscope; picture-in-picture; web-share\" referrerpolicy=\"strict-origin-when-cross-origin\" allowfullscreen><\/iframe>\n<\/div><\/figure>\n\n\n\n<div class=\"wp-block-group alignfull has-global-padding is-layout-constrained wp-container-core-group-is-layout-f2e6c14f wp-block-group-is-layout-constrained\" style=\"margin-top:0;margin-bottom:0;padding-top:0;padding-right:var(--wp--preset--spacing--superbspacing-small);padding-bottom:0;padding-left:var(--wp--preset--spacing--superbspacing-small)\">\n<div class=\"wp-block-group alignfull has-global-padding is-layout-constrained wp-container-core-group-is-layout-6f728c96 wp-block-group-is-layout-constrained has-background\" style=\"margin-top:var(--wp--preset--spacing--superbspacing-medium);margin-bottom:var(--wp--preset--spacing--superbspacing-medium);padding-top:var(--wp--preset--spacing--superbspacing-xxlarge);padding-right:var(--wp--preset--spacing--superbspacing-small);padding-bottom:var(--wp--preset--spacing--superbspacing-xxlarge);padding-left:var(--wp--preset--spacing--superbspacing-small);background-image:url(&apos;https:\/\/almas-architecture.com\/wp-content\/themes\/idea-flow\/assets\/images\/cta-bg.jpeg&apos;);background-size:cover;\">\n<div class=\"wp-block-group has-global-padding is-content-justification-left is-layout-constrained wp-container-core-group-is-layout-5ca4c923 wp-block-group-is-layout-constrained\">\n<h2 class=\"wp-block-heading has-text-align-left has-text-color has-superbfont-tiny-font-size\" style=\"color:#fdfdfd\"><\/h2>\n<\/div>\n<\/div>\n<\/div>\n\n\n\n<div class=\"wp-block-group alignfull has-mono-4-background-color has-background has-global-padding is-layout-constrained wp-container-core-group-is-layout-7b5e4b56 wp-block-group-is-layout-constrained\" style=\"margin-top:0;margin-bottom:0;padding-top:var(--wp--preset--spacing--superbspacing-medium);padding-right:var(--wp--preset--spacing--superbspacing-small);padding-bottom:var(--wp--preset--spacing--superbspacing-medium);padding-left:var(--wp--preset--spacing--superbspacing-small)\">\n<div class=\"wp-block-group alignwide is-vertical is-content-justification-center is-layout-flex wp-container-core-group-is-layout-4c120eef wp-block-group-is-layout-flex\"><div class=\"is-default-size is-style-rounded is-style-rounded--1 wp-block-site-logo\"><a href=\"https:\/\/almas-architecture.com\/\" class=\"custom-logo-link\" rel=\"home\"><img loading=\"lazy\" decoding=\"async\" width=\"640\" height=\"640\" src=\"https:\/\/almas-architecture.com\/wp-content\/uploads\/2026\/01\/photo-Copie.jpg\" class=\"custom-logo\" alt=\"ALMAS\" srcset=\"https:\/\/almas-architecture.com\/wp-content\/uploads\/2026\/01\/photo-Copie.jpg 640w, https:\/\/almas-architecture.com\/wp-content\/uploads\/2026\/01\/photo-Copie-300x300.jpg 300w, https:\/\/almas-architecture.com\/wp-content\/uploads\/2026\/01\/photo-Copie-150x150.jpg 150w\" sizes=\"auto, (max-width: 640px) 100vw, 640px\" \/><\/a><\/div>\n\n\n<h2 class=\"wp-block-heading has-text-align-center has-contrast-color has-text-color has-superbfont-xlarge-font-size\">Nos missions<\/h2>\n\n\n\n<p class=\"has-text-align-center has-mono-2-color has-text-color has-superbfont-small-font-size\">Nous accompagnons chaque projet de l\u2019id\u00e9e \u00e0 la r\u00e9alisation, en mettant notre expertise pluridisciplinaire \u00e0 votre service.<\/p>\n<\/div>\n\n\n\n<div class=\"wp-block-columns alignwide is-layout-flex wp-container-core-columns-is-layout-f9d87e41 wp-block-columns-is-layout-flex\">\n<div class=\"wp-block-column is-vertically-aligned-center is-layout-flow wp-container-core-column-is-layout-db2cb278 wp-block-column-is-layout-flow\">\n<figure class=\"wp-block-image aligncenter size-large has-custom-border wp-duotone-grayscale\"><img loading=\"lazy\" decoding=\"async\" width=\"1024\" height=\"1024\" src=\"https:\/\/almas-architecture.com\/wp-content\/uploads\/2026\/01\/img_20230724_191326-1024x1024.jpg\" alt=\"\" class=\"wp-image-136\" style=\"border-radius:8px;aspect-ratio:1;object-fit:cover\" srcset=\"https:\/\/almas-architecture.com\/wp-content\/uploads\/2026\/01\/img_20230724_191326-1024x1024.jpg 1024w, https:\/\/almas-architecture.com\/wp-content\/uploads\/2026\/01\/img_20230724_191326-300x300.jpg 300w, https:\/\/almas-architecture.com\/wp-content\/uploads\/2026\/01\/img_20230724_191326-150x150.jpg 150w, https:\/\/almas-architecture.com\/wp-content\/uploads\/2026\/01\/img_20230724_191326-768x768.jpg 768w, https:\/\/almas-architecture.com\/wp-content\/uploads\/2026\/01\/img_20230724_191326-1536x1536.jpg 1536w, https:\/\/almas-architecture.com\/wp-content\/uploads\/2026\/01\/img_20230724_191326.jpg 1800w\" sizes=\"auto, (max-width: 1024px) 100vw, 1024px\" \/><\/figure>\n\n\n\n<div class=\"wp-block-group has-global-padding is-layout-constrained wp-container-core-group-is-layout-85cc789f wp-block-group-is-layout-constrained\">\n<div class=\"wp-block-group has-global-padding is-layout-constrained wp-container-core-group-is-layout-19e250f3 wp-block-group-is-layout-constrained\">\n<h3 class=\"wp-block-heading has-text-align-center has-contrast-color has-text-color has-superbfont-medium-font-size\"><a href=\"https:\/\/almas-architecture.com\/index.php\/projets\/\" data-type=\"page\" data-id=\"26\">PROSPECTION FONCIERE<\/a><\/h3>\n<\/div>\n\n\n\n<p class=\"has-text-align-center has-mono-2-color has-text-color has-superbfont-xsmall-font-size\" style=\"margin-top:var(--wp--preset--spacing--superbspacing-xxsmall);margin-bottom:var(--wp--preset--spacing--superbspacing-xxsmall)\">Identifier et \u00e9valuer le potentiel des terrains<\/p>\n\n\n\n<details class=\"wp-block-details alignfull is-layout-flow wp-block-details-is-layout-flow\"><summary><em>Prospection fonci\u00e8re<\/em><\/summary>\n<p class=\"has-primary-hover-color has-text-color has-link-color has-superbfont-xsmall-font-size wp-elements-624262cb08db8bed23beec6b66de41cf\">Approche proactive permettant d&rsquo;optimiser les couts d&rsquo;acquisition, mais aussi de valoriser les propri\u00e9t\u00e9s, en assurant une meilleure gestion des risques et en maximisant le potentiel de chaque projet.<\/p>\n<\/details>\n<\/div>\n<\/div>\n\n\n\n<div class=\"wp-block-column is-vertically-aligned-center is-layout-flow wp-container-core-column-is-layout-db2cb278 wp-block-column-is-layout-flow\">\n<figure class=\"wp-block-image aligncenter size-full has-custom-border wp-duotone-grayscale\"><img loading=\"lazy\" decoding=\"async\" width=\"768\" height=\"960\" src=\"http:\/\/almas-architecture.com\/wp-content\/uploads\/2026\/01\/seine.jpg\" alt=\"\" class=\"wp-image-129\" style=\"border-radius:8px;aspect-ratio:1;object-fit:cover\" srcset=\"https:\/\/almas-architecture.com\/wp-content\/uploads\/2026\/01\/seine.jpg 768w, https:\/\/almas-architecture.com\/wp-content\/uploads\/2026\/01\/seine-240x300.jpg 240w\" sizes=\"auto, (max-width: 768px) 100vw, 768px\" \/><\/figure>\n\n\n\n<div class=\"wp-block-group has-global-padding is-layout-constrained wp-container-core-group-is-layout-85cc789f wp-block-group-is-layout-constrained\">\n<div class=\"wp-block-group has-global-padding is-layout-constrained wp-container-core-group-is-layout-19e250f3 wp-block-group-is-layout-constrained\">\n<h3 class=\"wp-block-heading has-text-align-center has-contrast-color has-text-color has-superbfont-medium-font-size\">AUDIT &amp; PHOTOGRAPHIE<\/h3>\n<\/div>\n\n\n\n<p class=\"has-text-align-center has-mono-2-color has-text-color has-superbfont-xsmall-font-size\" style=\"margin-top:var(--wp--preset--spacing--superbspacing-xxsmall);margin-bottom:var(--wp--preset--spacing--superbspacing-xxsmall)\">Evaluer l&rsquo;existant<\/p>\n\n\n\n<details class=\"wp-block-details alignfull is-layout-flow wp-block-details-is-layout-flow\"><summary><em>Audit &amp; Photographies<\/em><\/summary>\n<p class=\"has-vivid-red-color has-text-color has-link-color has-superbfont-xsmall-font-size wp-elements-b2e08bed214e9234dbfd5a848fa7f4f8\">Approche proactive permettant d&rsquo;optimiser les couts d&rsquo;acquisition, mais aussi de valoriser les propri\u00e9t\u00e9s, en assurant une meilleure gestion des risques et en maximisant le potentiel de chaque projet.<\/p>\n<\/details>\n<\/div>\n<\/div>\n\n\n\n<div class=\"wp-block-column is-vertically-aligned-center is-layout-flow wp-container-core-column-is-layout-db2cb278 wp-block-column-is-layout-flow\">\n<figure class=\"wp-block-image aligncenter size-large has-custom-border wp-duotone-grayscale\"><img decoding=\"async\" src=\"https:\/\/almas-architecture.com\/wp-content\/themes\/beiged\/assets\/images\/team\/fitness.png\" alt=\"\" style=\"border-radius:8px;aspect-ratio:1;object-fit:cover\"\/><\/figure>\n\n\n\n<div class=\"wp-block-group has-global-padding is-layout-constrained wp-container-core-group-is-layout-85cc789f wp-block-group-is-layout-constrained\">\n<div class=\"wp-block-group has-global-padding is-layout-constrained wp-container-core-group-is-layout-19e250f3 wp-block-group-is-layout-constrained\">\n<h3 class=\"wp-block-heading has-text-align-center has-contrast-color has-text-color has-superbfont-medium-font-size\">REHABILITATION<\/h3>\n<\/div>\n\n\n\n<p class=\"has-text-align-center has-mono-2-color has-text-color has-superbfont-xsmall-font-size\" style=\"margin-top:var(--wp--preset--spacing--superbspacing-xxsmall);margin-bottom:var(--wp--preset--spacing--superbspacing-xxsmall)\">Revitalisation de l&rsquo;existant pour r\u00e9pondre aux besoins contemporains.<\/p>\n\n\n\n<details class=\"wp-block-details alignfull is-layout-flow wp-block-details-is-layout-flow\"><summary><em>R\u00e9habilitation<\/em><\/summary>\n<p class=\"has-vivid-red-color has-text-color has-link-color has-superbfont-xsmall-font-size wp-elements-b2e08bed214e9234dbfd5a848fa7f4f8\">Approche proactive permettant d&rsquo;optimiser les couts d&rsquo;acquisition, mais aussi de valoriser les propri\u00e9t\u00e9s, en assurant une meilleure gestion des risques et en maximisant le potentiel de chaque projet.<\/p>\n<\/details>\n<\/div>\n<\/div>\n<\/div>\n\n\n\n<div class=\"wp-block-group alignfull has-mono-4-background-color has-background has-global-padding is-layout-constrained wp-container-core-group-is-layout-7b5e4b56 wp-block-group-is-layout-constrained\" style=\"margin-top:0;margin-bottom:0;padding-top:var(--wp--preset--spacing--superbspacing-medium);padding-right:var(--wp--preset--spacing--superbspacing-small);padding-bottom:var(--wp--preset--spacing--superbspacing-medium);padding-left:var(--wp--preset--spacing--superbspacing-small)\">\n<div class=\"wp-block-columns alignwide is-layout-flex wp-container-core-columns-is-layout-f9d87e41 wp-block-columns-is-layout-flex\">\n<div class=\"wp-block-column is-vertically-aligned-center is-layout-flow wp-container-core-column-is-layout-db2cb278 wp-block-column-is-layout-flow\">\n<figure class=\"wp-block-image aligncenter size-large has-custom-border wp-duotone-grayscale\"><img decoding=\"async\" src=\"https:\/\/almas-architecture.com\/wp-content\/themes\/beiged\/assets\/images\/team\/fashion.png\" alt=\"\" style=\"border-radius:8px;aspect-ratio:1;object-fit:cover\"\/><\/figure>\n\n\n\n<div class=\"wp-block-group has-global-padding is-layout-constrained wp-container-core-group-is-layout-85cc789f wp-block-group-is-layout-constrained\">\n<div class=\"wp-block-group has-global-padding is-layout-constrained wp-container-core-group-is-layout-19e250f3 wp-block-group-is-layout-constrained\">\n<h3 class=\"wp-block-heading has-text-align-center has-contrast-color has-text-color has-superbfont-medium-font-size\">RENOVATION ENERGETIQUE<\/h3>\n<\/div>\n\n\n\n<p class=\"has-text-align-center has-mono-2-color has-text-color has-superbfont-xsmall-font-size\" style=\"margin-top:var(--wp--preset--spacing--superbspacing-xxsmall);margin-bottom:var(--wp--preset--spacing--superbspacing-xxsmall)\">Am\u00e9lioration du confort et de la performance \u00e9nerg\u00e9tique.<\/p>\n\n\n\n<details class=\"wp-block-details alignfull is-layout-flow wp-block-details-is-layout-flow\"><summary><em>R\u00e9novation \u00e9nerg\u00e9tique<\/em><\/summary>\n<p class=\"has-vivid-red-color has-text-color has-link-color has-superbfont-xsmall-font-size wp-elements-b2e08bed214e9234dbfd5a848fa7f4f8\">Approche proactive permettant d&rsquo;optimiser les couts d&rsquo;acquisition, mais aussi de valoriser les propri\u00e9t\u00e9s, en assurant une meilleure gestion des risques et en maximisant le potentiel de chaque projet.<\/p>\n<\/details>\n<\/div>\n<\/div>\n\n\n\n<div class=\"wp-block-column is-vertically-aligned-center is-layout-flow wp-container-core-column-is-layout-db2cb278 wp-block-column-is-layout-flow\">\n<figure class=\"wp-block-image aligncenter size-large has-custom-border wp-duotone-grayscale\"><img decoding=\"async\" src=\"https:\/\/almas-architecture.com\/wp-content\/themes\/beiged\/assets\/images\/team\/outdoor.png\" alt=\"\" style=\"border-radius:8px;aspect-ratio:1;object-fit:cover\"\/><\/figure>\n\n\n\n<div class=\"wp-block-group has-global-padding is-layout-constrained wp-container-core-group-is-layout-85cc789f wp-block-group-is-layout-constrained\">\n<div class=\"wp-block-group has-global-padding is-layout-constrained wp-container-core-group-is-layout-19e250f3 wp-block-group-is-layout-constrained\">\n<h3 class=\"wp-block-heading has-text-align-center has-contrast-color has-text-color has-superbfont-medium-font-size\">CONCEPTION<\/h3>\n<\/div>\n\n\n\n<p class=\"has-text-align-center has-mono-2-color has-text-color has-superbfont-xsmall-font-size\" style=\"margin-top:var(--wp--preset--spacing--superbspacing-xxsmall);margin-bottom:var(--wp--preset--spacing--superbspacing-xxsmall)\">Elaboration de solution innovante<\/p>\n\n\n\n<details class=\"wp-block-details alignfull is-layout-flow wp-block-details-is-layout-flow\"><summary><em>Conception et Innovation<\/em><\/summary>\n<p class=\"has-vivid-red-color has-text-color has-link-color has-superbfont-xsmall-font-size wp-elements-b2e08bed214e9234dbfd5a848fa7f4f8\">Approche proactive permettant d&rsquo;optimiser les couts d&rsquo;acquisition, mais aussi de valoriser les propri\u00e9t\u00e9s, en assurant une meilleure gestion des risques et en maximisant le potentiel de chaque projet.<\/p>\n<\/details>\n<\/div>\n<\/div>\n\n\n\n<div class=\"wp-block-column is-vertically-aligned-center is-layout-flow wp-container-core-column-is-layout-db2cb278 wp-block-column-is-layout-flow\">\n<figure class=\"wp-block-image aligncenter size-full has-custom-border wp-duotone-grayscale\"><img loading=\"lazy\" decoding=\"async\" width=\"768\" height=\"512\" src=\"http:\/\/almas-architecture.com\/wp-content\/uploads\/2026\/01\/IMG_0726-768x960-4.jpg\" alt=\"\" class=\"wp-image-65\" style=\"border-radius:8px;aspect-ratio:1;object-fit:cover\" srcset=\"https:\/\/almas-architecture.com\/wp-content\/uploads\/2026\/01\/IMG_0726-768x960-4.jpg 768w, https:\/\/almas-architecture.com\/wp-content\/uploads\/2026\/01\/IMG_0726-768x960-4-300x200.jpg 300w\" sizes=\"auto, (max-width: 768px) 100vw, 768px\" \/><\/figure>\n\n\n\n<div class=\"wp-block-group has-global-padding is-layout-constrained wp-container-core-group-is-layout-85cc789f wp-block-group-is-layout-constrained\">\n<div class=\"wp-block-group has-global-padding is-layout-constrained wp-container-core-group-is-layout-19e250f3 wp-block-group-is-layout-constrained\">\n<h3 class=\"wp-block-heading has-text-align-center has-contrast-color has-text-color has-superbfont-medium-font-size\">EXECUTION<\/h3>\n<\/div>\n\n\n\n<p class=\"has-text-align-center has-mono-2-color has-text-color has-superbfont-xsmall-font-size\" style=\"margin-top:var(--wp--preset--spacing--superbspacing-xxsmall);margin-bottom:var(--wp--preset--spacing--superbspacing-xxsmall)\">Assurer la bonne ex\u00e9cution des travaux<\/p>\n\n\n\n<details class=\"wp-block-details alignfull is-layout-flow wp-block-details-is-layout-flow\"><summary><em>Suivies de chantier<\/em><\/summary>\n<p class=\"has-vivid-red-color has-text-color has-link-color has-superbfont-xsmall-font-size wp-elements-b2e08bed214e9234dbfd5a848fa7f4f8\">Approche proactive permettant d&rsquo;optimiser les couts d&rsquo;acquisition, mais aussi de valoriser les propri\u00e9t\u00e9s, en assurant une meilleure gestion des risques et en maximisant le potentiel de chaque projet.<\/p>\n<\/details>\n<\/div>\n<\/div>\n<\/div>\n<\/div>\n\n\n\n<div class=\"wp-block-group alignfull has-global-padding is-layout-constrained wp-container-core-group-is-layout-6f728c96 wp-block-group-is-layout-constrained has-background\" style=\"margin-top:var(--wp--preset--spacing--superbspacing-medium);margin-bottom:var(--wp--preset--spacing--superbspacing-medium);padding-top:var(--wp--preset--spacing--superbspacing-xxlarge);padding-right:var(--wp--preset--spacing--superbspacing-small);padding-bottom:var(--wp--preset--spacing--superbspacing-xxlarge);padding-left:var(--wp--preset--spacing--superbspacing-small);background-image:url(&apos;https:\/\/almas-architecture.com\/wp-content\/themes\/idea-flow\/assets\/images\/cta-bg.jpeg&apos;);background-size:cover;\">\n<div class=\"wp-block-group has-global-padding is-content-justification-left is-layout-constrained wp-container-core-group-is-layout-5ca4c923 wp-block-group-is-layout-constrained\">\n<h2 class=\"wp-block-heading has-text-align-left has-text-color has-superbfont-tiny-font-size\" style=\"color:#fdfdfd\"><\/h2>\n<\/div>\n<\/div>\n<\/div>\n\n\n\n<div class=\"wp-block-group alignfull has-base-2-color has-contrast-background-color has-text-color has-background has-link-color wp-elements-7f1322eb44995e116d192eb128bcadf4 has-global-padding is-layout-constrained wp-container-core-group-is-layout-facafb6f wp-block-group-is-layout-constrained\" style=\"margin-top:0;margin-bottom:0;padding-top:var(--wp--preset--spacing--50);padding-right:var(--wp--preset--spacing--50);padding-bottom:var(--wp--preset--spacing--50);padding-left:var(--wp--preset--spacing--50)\">\n<div class=\"wp-block-columns alignwide is-layout-flex wp-container-core-columns-is-layout-d1c656ed wp-block-columns-is-layout-flex\">\n<div class=\"wp-block-column is-vertically-aligned-stretch is-layout-flow wp-block-column-is-layout-flow\" style=\"padding-right:0;flex-basis:60%\">\n<div class=\"wp-block-group is-vertical is-content-justification-stretch is-layout-flex wp-container-core-group-is-layout-ae24f51d wp-block-group-is-layout-flex\" style=\"min-height:100%\">\n<figure class=\"wp-block-image size-large is-style-rounded\"><img loading=\"lazy\" decoding=\"async\" width=\"1024\" height=\"1024\" src=\"https:\/\/almas-architecture.com\/wp-content\/uploads\/2026\/01\/20240408_1-photo_12-photo-Copie-1024x1024.jpg\" alt=\"\" class=\"wp-image-86\" style=\"aspect-ratio:1;object-fit:cover\" srcset=\"https:\/\/almas-architecture.com\/wp-content\/uploads\/2026\/01\/20240408_1-photo_12-photo-Copie-1024x1024.jpg 1024w, https:\/\/almas-architecture.com\/wp-content\/uploads\/2026\/01\/20240408_1-photo_12-photo-Copie-300x300.jpg 300w, https:\/\/almas-architecture.com\/wp-content\/uploads\/2026\/01\/20240408_1-photo_12-photo-Copie-150x150.jpg 150w, https:\/\/almas-architecture.com\/wp-content\/uploads\/2026\/01\/20240408_1-photo_12-photo-Copie-768x768.jpg 768w, https:\/\/almas-architecture.com\/wp-content\/uploads\/2026\/01\/20240408_1-photo_12-photo-Copie-1536x1536.jpg 1536w, https:\/\/almas-architecture.com\/wp-content\/uploads\/2026\/01\/20240408_1-photo_12-photo-Copie-2048x2048.jpg 2048w\" sizes=\"auto, (max-width: 1024px) 100vw, 1024px\" \/><\/figure>\n\n\n\n<p class=\"has-text-align-center has-medium-font-size\">Chaque projet s\u2019inscrit dans une logique de continuit\u00e9, o\u00f9 l\u2019intervention  dialogue avec l\u2019histoire du patrimoine. Conserver, c\u2019est aussi transformer avec justesse : r\u00e9v\u00e9ler les usages, adapter les \u00e9difices aux besoins actuels, tout en garantissant leur r\u00e9silience face aux enjeux environnementaux.<\/p>\n<\/div>\n<\/div>\n\n\n\n<div class=\"wp-block-column is-layout-flow wp-block-column-is-layout-flow\" style=\"flex-basis:40%\">\n<div class=\"wp-block-group has-global-padding is-layout-constrained wp-block-group-is-layout-constrained\">\n<p class=\"has-text-align-center has-large-font-size\" style=\"font-style:normal;font-weight:500;line-height:1.2\">Nous \u00e9laborons des projets sur-mesure, pens\u00e9s pour dialoguer avec leur contexte. <\/p>\n\n\n\n<div style=\"height:var(--wp--preset--spacing--40)\" aria-hidden=\"true\" class=\"wp-block-spacer\"><\/div>\n\n\n\n<div class=\"wp-block-group is-layout-flow wp-block-group-is-layout-flow\">\n<figure class=\"wp-block-image size-large is-style-rounded\"><img loading=\"lazy\" decoding=\"async\" width=\"1024\" height=\"1024\" src=\"https:\/\/almas-architecture.com\/wp-content\/uploads\/2026\/01\/perspective_b-6-Copie-1024x1024.jpg\" alt=\"\" class=\"wp-image-87\" style=\"aspect-ratio:1;object-fit:cover\" srcset=\"https:\/\/almas-architecture.com\/wp-content\/uploads\/2026\/01\/perspective_b-6-Copie-1024x1024.jpg 1024w, https:\/\/almas-architecture.com\/wp-content\/uploads\/2026\/01\/perspective_b-6-Copie-300x300.jpg 300w, https:\/\/almas-architecture.com\/wp-content\/uploads\/2026\/01\/perspective_b-6-Copie-150x150.jpg 150w, https:\/\/almas-architecture.com\/wp-content\/uploads\/2026\/01\/perspective_b-6-Copie-768x768.jpg 768w, https:\/\/almas-architecture.com\/wp-content\/uploads\/2026\/01\/perspective_b-6-Copie-1536x1536.jpg 1536w, https:\/\/almas-architecture.com\/wp-content\/uploads\/2026\/01\/perspective_b-6-Copie-2048x2048.jpg 2048w\" sizes=\"auto, (max-width: 1024px) 100vw, 1024px\" \/><\/figure>\n<\/div>\n<\/div>\n<\/div>\n<\/div>\n<\/div>\n\n\n\n<figure class=\"wp-block-pullquote has-mono-2-color has-text-color has-link-color wp-elements-f27e3823e3ca515fe3a8ff32476bd3c1\" style=\"padding-top:var(--wp--preset--spacing--superbspacing-small);padding-bottom:var(--wp--preset--spacing--superbspacing-small)\"><blockquote><p><em>Le temps de la construction est le temps long<\/em><\/p><\/blockquote><\/figure>\n\n\n\n<h2 data-wp-context---core-fit-text=\"core\/fit-text::{&quot;fontSize&quot;:&quot;&quot;}\" data-wp-init---core-fit-text=\"core\/fit-text::callbacks.init\" data-wp-interactive data-wp-style--font-size=\"core\/fit-text::context.fontSize\" class=\"wp-block-heading has-fit-text\">ALMAS<\/h2>\n\n\n\n<h2 data-wp-context---core-fit-text=\"core\/fit-text::{&quot;fontSize&quot;:&quot;&quot;}\" data-wp-init---core-fit-text=\"core\/fit-text::callbacks.init\" data-wp-interactive data-wp-style--font-size=\"core\/fit-text::context.fontSize\" class=\"wp-block-heading has-fit-text\">ALGANE LANDES MEREA ARCHITECTURE STUDIO<\/h2>\n<\/div>\n\n\n\n<div class=\"wp-block-group alignfull column-parent-border-radius has-global-padding is-layout-constrained wp-container-core-group-is-layout-87cc3397 wp-block-group-is-layout-constrained\" style=\"margin-top:0;margin-bottom:0;padding-top:var(--wp--preset--spacing--superbspacing-xlarge);padding-right:var(--wp--preset--spacing--superbspacing-small);padding-bottom:var(--wp--preset--spacing--superbspacing-xlarge);padding-left:var(--wp--preset--spacing--superbspacing-small)\">\n<div class=\"wp-block-group alignwide has-global-padding is-layout-constrained wp-container-core-group-is-layout-e52907a5 wp-block-group-is-layout-constrained\">\n<h3 class=\"wp-block-heading has-text-align-center has-primary-color has-text-color has-superbfont-small-font-size\">ALMAS<\/h3>\n\n\n\n<h2 class=\"wp-block-heading has-text-align-center has-contrast-color has-text-color has-superbfont-xlarge-font-size\">BATISSONS UN MONDE RESPONSABLE<\/h2>\n<\/div>\n\n\n\n<div class=\"wp-block-columns is-layout-flex wp-container-core-columns-is-layout-28f84493 wp-block-columns-is-layout-flex\">\n<div class=\"wp-block-column has-mono-4-background-color has-background is-layout-flow wp-block-column-is-layout-flow\" style=\"padding-top:var(--wp--preset--spacing--superbspacing-small);padding-right:var(--wp--preset--spacing--superbspacing-small);padding-bottom:var(--wp--preset--spacing--superbspacing-small);padding-left:var(--wp--preset--spacing--superbspacing-small)\">\n<h3 class=\"wp-block-heading has-text-align-center has-mono-1-color has-text-color has-link-color has-superbfont-medium-font-size wp-elements-658b4da23691cbd1de9d9743c4ab6f78\" style=\"margin-top:0;margin-bottom:0\">CONSERVER<\/h3>\n\n\n\n<p class=\"has-text-align-center has-mono-2-color has-text-color has-superbfont-xsmall-font-size\" style=\"margin-top:var(--wp--preset--spacing--superbspacing-xxsmall);margin-bottom:0\">Pr\u00e9server l\u2019existant, c\u2019est b\u00e2tir l\u2019avenir avec m\u00e9moire et sens.<\/p>\n<\/div>\n\n\n\n<div class=\"wp-block-column has-mono-4-background-color has-background is-layout-flow wp-block-column-is-layout-flow\" style=\"padding-top:var(--wp--preset--spacing--superbspacing-small);padding-right:var(--wp--preset--spacing--superbspacing-small);padding-bottom:var(--wp--preset--spacing--superbspacing-small);padding-left:var(--wp--preset--spacing--superbspacing-small)\">\n<h3 class=\"wp-block-heading has-text-align-center has-mono-1-color has-text-color has-link-color has-superbfont-medium-font-size wp-elements-d44cde09324f404fe7fdc65717cb3a54\" style=\"margin-top:0;margin-bottom:0\">VALORISER<\/h3>\n\n\n\n<p class=\"has-text-align-center has-mono-2-color has-text-color has-superbfont-xsmall-font-size\" style=\"margin-top:var(--wp--preset--spacing--superbspacing-xxsmall);margin-bottom:0\">L\u2019architecture prend vie quand elle sait mettre en valeur ce qui nous entoure.<\/p>\n<\/div>\n\n\n\n<div class=\"wp-block-column has-mono-4-background-color has-background is-layout-flow wp-block-column-is-layout-flow\" style=\"padding-top:var(--wp--preset--spacing--superbspacing-small);padding-right:var(--wp--preset--spacing--superbspacing-small);padding-bottom:var(--wp--preset--spacing--superbspacing-small);padding-left:var(--wp--preset--spacing--superbspacing-small)\">\n<h3 class=\"wp-block-heading has-text-align-center has-mono-1-color has-text-color has-superbfont-medium-font-size\" style=\"margin-top:0;margin-bottom:0\">OPTIMISER<\/h3>\n\n\n\n<p class=\"has-text-align-center has-mono-2-color has-text-color has-superbfont-xsmall-font-size\" style=\"margin-top:var(--wp--preset--spacing--superbspacing-xxsmall);margin-bottom:0\">La finance au service de l\u2019architecture, c\u2019est donner \u00e0 chaque projet sa pleine valeur.<\/p>\n<\/div>\n<\/div>\n<\/div>\n\n\n\n<div class=\"wp-block-group alignfull has-global-padding is-layout-constrained wp-container-core-group-is-layout-d988b764 wp-block-group-is-layout-constrained\" style=\"margin-top:0;margin-bottom:0;padding-top:var(--wp--preset--spacing--superbspacing-medium);padding-right:var(--wp--preset--spacing--superbspacing-small);padding-bottom:var(--wp--preset--spacing--superbspacing-small);padding-left:var(--wp--preset--spacing--superbspacing-small)\">\n<div class=\"wp-block-group alignfull has-global-padding is-layout-constrained wp-container-core-group-is-layout-6f728c96 wp-block-group-is-layout-constrained has-background\" style=\"margin-top:var(--wp--preset--spacing--superbspacing-medium);margin-bottom:var(--wp--preset--spacing--superbspacing-medium);padding-top:var(--wp--preset--spacing--superbspacing-xxlarge);padding-right:var(--wp--preset--spacing--superbspacing-small);padding-bottom:var(--wp--preset--spacing--superbspacing-xxlarge);padding-left:var(--wp--preset--spacing--superbspacing-small);background-image:url(&apos;https:\/\/almas-architecture.com\/wp-content\/themes\/idea-flow\/assets\/images\/cta-bg.jpeg&apos;);background-size:cover;\">\n<div class=\"wp-block-group has-global-padding is-content-justification-left is-layout-constrained wp-container-core-group-is-layout-5ca4c923 wp-block-group-is-layout-constrained\">\n<h2 class=\"wp-block-heading has-text-align-left has-text-color has-superbfont-xlarge-font-size\" style=\"color:#fdfdfd\">D\u00e9veloppement<\/h2>\n\n\n\n<p class=\"has-text-align-left has-text-color has-superbfont-medium-font-size\" style=\"color:#fdfdfd\">Transformation de bureau en logement<\/p>\n\n\n\n<div class=\"wp-block-buttons wp-container-content-9cfa9a5a is-content-justification-left is-nowrap is-layout-flex wp-container-core-buttons-is-layout-a845fd77 wp-block-buttons-is-layout-flex\">\n<div class=\"wp-block-button is-style-outline is-style-outline--2\"><a class=\"wp-block-button__link has-base-background-color has-background has-superbfont-small-font-size has-custom-font-size wp-element-button\" href=\"https:\/\/almas-architecture.com\/index.php\/art-developpement\/\">Article<\/a><\/div>\n\n\n\n<div class=\"wp-block-button\"><a class=\"wp-block-button__link has-superbfont-small-font-size has-custom-font-size wp-element-button\" href=\"https:\/\/almas-architecture.com\/index.php\/contact\/\">Nous contacter<\/a><\/div>\n<\/div>\n<\/div>\n<\/div>\n<\/div>\n\n\n\n<div class=\"wp-block-group alignfull has-mono-4-background-color has-background has-global-padding is-layout-constrained wp-container-core-group-is-layout-129f6e7c wp-block-group-is-layout-constrained\" style=\"margin-top:0;margin-bottom:0;padding-top:var(--wp--preset--spacing--superbspacing-large);padding-right:var(--wp--preset--spacing--superbspacing-small);padding-bottom:var(--wp--preset--spacing--superbspacing-large);padding-left:var(--wp--preset--spacing--superbspacing-small)\">\n<p data-wp-context---core-fit-text=\"core\/fit-text::{&quot;fontSize&quot;:&quot;&quot;}\" data-wp-init---core-fit-text=\"core\/fit-text::callbacks.init\" data-wp-interactive data-wp-style--font-size=\"core\/fit-text::context.fontSize\" class=\"has-fit-text\">La valorisation du patrimoine constituent le socle de notre d\u00e9marche<\/p>\n\n\n\n<div class=\"wp-block-columns alignwide is-layout-flex wp-container-core-columns-is-layout-25593187 wp-block-columns-is-layout-flex\">\n<div class=\"wp-block-column is-vertically-aligned-center is-layout-flow wp-container-core-column-is-layout-a1628350 wp-block-column-is-layout-flow\" style=\"padding-top:0;padding-right:0;padding-bottom:0;padding-left:0\">\n<div class=\"wp-block-group is-layout-flow wp-container-core-group-is-layout-ff697075 wp-block-group-is-layout-flow\">\n<h3 class=\"wp-block-heading has-text-align-right has-superbfont-xlarge-font-size\" style=\"line-height:1.2\">Une \u00e9thique de travail<\/h3>\n\n\n\n<p class=\"has-text-align-right has-mono-2-color has-text-color has-superbfont-small-font-size\">Nous privil\u00e9gions la valorisation de l\u2019existant, la performance \u00e9nerg\u00e9tique et une conception respectueuse de l\u2019environnement. Sur le plan financier, nous concevons des solutions optimis\u00e9es et r\u00e9alistes, alliant ma\u00eetrise des co\u00fbts et maximisation de la valeur des espaces, pour garantir des projets \u00e0 long terme.<\/p>\n<\/div>\n\n\n\n<div class=\"wp-block-buttons is-content-justification-right is-layout-flex wp-container-core-buttons-is-layout-d97803a0 wp-block-buttons-is-layout-flex\">\n<div class=\"wp-block-button\"><a class=\"wp-block-button__link has-superbfont-small-font-size has-custom-font-size wp-element-button\" href=\"https:\/\/almas-architecture.com\/index.php\/valeurs\/\" style=\"padding-top:var(--wp--preset--spacing--superbspacing-xsmall);padding-right:var(--wp--preset--spacing--superbspacing-xsmall);padding-bottom:var(--wp--preset--spacing--superbspacing-xsmall);padding-left:var(--wp--preset--spacing--superbspacing-xsmall)\">VALEURS<\/a><\/div>\n<\/div>\n<\/div>\n\n\n\n<div class=\"wp-block-column is-vertically-aligned-center is-layout-flow wp-container-core-column-is-layout-40a2a7e8 wp-block-column-is-layout-flow\" style=\"padding-right:0;padding-bottom:0;padding-left:0\">\n<figure class=\"wp-block-image size-large has-custom-border\"><img loading=\"lazy\" decoding=\"async\" width=\"1024\" height=\"640\" src=\"http:\/\/almas-architecture.com\/wp-content\/uploads\/2026\/01\/ALMAS-EQUIPE-V2-1024x640.jpg\" alt=\"\" class=\"wp-image-12\" style=\"border-radius:8px\" srcset=\"https:\/\/almas-architecture.com\/wp-content\/uploads\/2026\/01\/ALMAS-EQUIPE-V2-1024x640.jpg 1024w, https:\/\/almas-architecture.com\/wp-content\/uploads\/2026\/01\/ALMAS-EQUIPE-V2-300x188.jpg 300w, https:\/\/almas-architecture.com\/wp-content\/uploads\/2026\/01\/ALMAS-EQUIPE-V2-768x480.jpg 768w, https:\/\/almas-architecture.com\/wp-content\/uploads\/2026\/01\/ALMAS-EQUIPE-V2-1536x960.jpg 1536w, https:\/\/almas-architecture.com\/wp-content\/uploads\/2026\/01\/ALMAS-EQUIPE-V2-2048x1280.jpg 2048w\" sizes=\"auto, (max-width: 1024px) 100vw, 1024px\" \/><\/figure>\n<\/div>\n<\/div>\n<\/div>\n\n\n\n<div class=\"wp-block-group alignfull has-global-padding is-layout-constrained wp-container-core-group-is-layout-6f728c96 wp-block-group-is-layout-constrained has-background\" style=\"margin-top:var(--wp--preset--spacing--superbspacing-medium);margin-bottom:var(--wp--preset--spacing--superbspacing-medium);padding-top:var(--wp--preset--spacing--superbspacing-xxlarge);padding-right:var(--wp--preset--spacing--superbspacing-small);padding-bottom:var(--wp--preset--spacing--superbspacing-xxlarge);padding-left:var(--wp--preset--spacing--superbspacing-small);background-image:url(&apos;https:\/\/almas-architecture.com\/wp-content\/themes\/idea-flow\/assets\/images\/cta-bg.jpeg&apos;);background-size:cover;\">\n<div class=\"wp-block-group has-global-padding is-content-justification-left is-layout-constrained wp-container-core-group-is-layout-5ca4c923 wp-block-group-is-layout-constrained\">\n<h2 class=\"wp-block-heading has-text-align-left has-text-color has-superbfont-xlarge-font-size\" style=\"color:#fdfdfd\">Densification<\/h2>\n\n\n\n<p class=\"has-text-align-left has-text-color has-superbfont-medium-font-size\" style=\"color:#fdfdfd\">Optimisation et valorisation des fonciers atypiques \u00e0 potentiel<\/p>\n\n\n\n<p>Une d<\/p>\n\n\n\n<div class=\"wp-block-buttons wp-container-content-9cfa9a5a is-content-justification-left is-nowrap is-layout-flex wp-container-core-buttons-is-layout-a845fd77 wp-block-buttons-is-layout-flex\">\n<div class=\"wp-block-button is-style-outline is-style-outline--3\"><a class=\"wp-block-button__link has-base-background-color has-background has-superbfont-small-font-size has-custom-font-size wp-element-button\" href=\"https:\/\/almas-architecture.com\/index.php\/art-densification\/\">Articles<\/a><\/div>\n\n\n\n<div class=\"wp-block-button\"><a class=\"wp-block-button__link has-superbfont-small-font-size has-custom-font-size wp-element-button\" href=\"https:\/\/almas-architecture.com\/index.php\/contact\/\">Nous contacter<\/a><\/div>\n<\/div>\n<\/div>\n<\/div>\n\n\n\n<div class=\"wp-block-group alignfull has-global-padding is-layout-constrained wp-container-core-group-is-layout-8bbd0b3b wp-block-group-is-layout-constrained\" style=\"margin-top:0;margin-bottom:0;padding-top:var(--wp--preset--spacing--superbspacing-large);padding-right:var(--wp--preset--spacing--superbspacing-small);padding-bottom:var(--wp--preset--spacing--superbspacing-large);padding-left:var(--wp--preset--spacing--superbspacing-small)\">\n<p data-wp-context---core-fit-text=\"core\/fit-text::{&quot;fontSize&quot;:&quot;&quot;}\" data-wp-init---core-fit-text=\"core\/fit-text::callbacks.init\" data-wp-interactive data-wp-style--font-size=\"core\/fit-text::context.fontSize\" class=\"has-fit-text\">Des architectes r\u00e9unis autour d\u2019une pratique engag\u00e9e<\/p>\n\n\n\n<div class=\"wp-block-columns alignwide is-layout-flex wp-container-core-columns-is-layout-25593187 wp-block-columns-is-layout-flex\">\n<div class=\"wp-block-column is-vertically-aligned-center is-layout-flow wp-container-core-column-is-layout-40a2a7e8 wp-block-column-is-layout-flow\" style=\"padding-right:0;padding-bottom:0;padding-left:0\">\n<figure class=\"wp-block-image size-large has-custom-border\"><img loading=\"lazy\" decoding=\"async\" width=\"1024\" height=\"576\" src=\"http:\/\/almas-architecture.com\/wp-content\/uploads\/2026\/01\/IMG-20250723-WA0019-1024x576.jpg\" alt=\"\" class=\"wp-image-14\" style=\"border-radius:8px\" srcset=\"https:\/\/almas-architecture.com\/wp-content\/uploads\/2026\/01\/IMG-20250723-WA0019-1024x576.jpg 1024w, https:\/\/almas-architecture.com\/wp-content\/uploads\/2026\/01\/IMG-20250723-WA0019-300x169.jpg 300w, https:\/\/almas-architecture.com\/wp-content\/uploads\/2026\/01\/IMG-20250723-WA0019-768x432.jpg 768w, https:\/\/almas-architecture.com\/wp-content\/uploads\/2026\/01\/IMG-20250723-WA0019-1536x864.jpg 1536w, https:\/\/almas-architecture.com\/wp-content\/uploads\/2026\/01\/IMG-20250723-WA0019-2048x1152.jpg 2048w\" sizes=\"auto, (max-width: 1024px) 100vw, 1024px\" \/><\/figure>\n<\/div>\n\n\n\n<div class=\"wp-block-column is-vertically-aligned-center is-layout-flow wp-container-core-column-is-layout-a1628350 wp-block-column-is-layout-flow\" style=\"padding-top:0;padding-right:0;padding-bottom:0;padding-left:0\">\n<div class=\"wp-block-group is-layout-flow wp-container-core-group-is-layout-ff697075 wp-block-group-is-layout-flow\">\n<h3 class=\"wp-block-heading has-text-align-left has-superbfont-xlarge-font-size\" style=\"line-height:1.2\">Un collectif<\/h3>\n\n\n\n<p class=\"has-text-align-left has-mono-2-color has-text-color has-superbfont-small-font-size\">Nous sommes une agence d\u2019architecture engag\u00e9e, qui transforme l\u2019existant en opportunit\u00e9s. Notre approche r\u00e9unit diff\u00e9rentes expertises pour concevoir des espaces sur-mesure, durables et porteurs de sens, o\u00f9 chaque d\u00e9tail compte et chaque lieu est valoris\u00e9.<\/p>\n\n\n\n<div class=\"wp-block-buttons is-layout-flex wp-container-core-buttons-is-layout-69f3c5ca wp-block-buttons-is-layout-flex\">\n<div class=\"wp-block-button\"><a class=\"wp-block-button__link has-superbfont-small-font-size has-custom-font-size wp-element-button\" href=\"https:\/\/almas-architecture.com\/index.php\/equipes\/\" style=\"padding-top:var(--wp--preset--spacing--superbspacing-xsmall);padding-right:var(--wp--preset--spacing--superbspacing-xsmall);padding-bottom:var(--wp--preset--spacing--superbspacing-xsmall);padding-left:var(--wp--preset--spacing--superbspacing-xsmall)\">EQUIPES<\/a><\/div>\n<\/div>\n<\/div>\n<\/div>\n<\/div>\n<\/div>\n\n\n\n<div class=\"wp-block-group alignfull has-global-padding is-layout-constrained wp-container-core-group-is-layout-d988b764 wp-block-group-is-layout-constrained\" style=\"margin-top:0;margin-bottom:0;padding-top:var(--wp--preset--spacing--superbspacing-medium);padding-right:var(--wp--preset--spacing--superbspacing-small);padding-bottom:var(--wp--preset--spacing--superbspacing-small);padding-left:var(--wp--preset--spacing--superbspacing-small)\">\n<div class=\"wp-block-group alignfull has-global-padding is-layout-constrained wp-container-core-group-is-layout-6f728c96 wp-block-group-is-layout-constrained has-background\" style=\"margin-top:var(--wp--preset--spacing--superbspacing-medium);margin-bottom:var(--wp--preset--spacing--superbspacing-medium);padding-top:var(--wp--preset--spacing--superbspacing-xxlarge);padding-right:var(--wp--preset--spacing--superbspacing-small);padding-bottom:var(--wp--preset--spacing--superbspacing-xxlarge);padding-left:var(--wp--preset--spacing--superbspacing-small);background-image:url(&apos;https:\/\/almas-architecture.com\/wp-content\/themes\/idea-flow\/assets\/images\/cta-bg.jpeg&apos;);background-size:cover;\">\n<div class=\"wp-block-group has-global-padding is-content-justification-left is-layout-constrained wp-container-core-group-is-layout-5ca4c923 wp-block-group-is-layout-constrained\">\n<h2 class=\"wp-block-heading has-text-align-left has-text-color has-superbfont-xlarge-font-size\" style=\"color:#fdfdfd\">R\u00e9novation \u00e9nerg\u00e9tique<\/h2>\n\n\n\n<p class=\"has-text-align-left has-text-color has-superbfont-medium-font-size\" style=\"color:#fdfdfd\">Am\u00e9lioration durable de la performance \u00e9nerg\u00e9tique du parc existant<\/p>\n\n\n\n<p>Une dede<\/p>\n\n\n\n<div class=\"wp-block-buttons wp-container-content-9cfa9a5a is-content-justification-left is-nowrap is-layout-flex wp-container-core-buttons-is-layout-a845fd77 wp-block-buttons-is-layout-flex\">\n<div class=\"wp-block-button is-style-outline is-style-outline--4\"><a class=\"wp-block-button__link has-base-background-color has-background has-superbfont-small-font-size has-custom-font-size wp-element-button\" href=\"https:\/\/almas-architecture.com\/index.php\/art-renovation-energetique\/\">Articles<\/a><\/div>\n\n\n\n<div class=\"wp-block-button\"><a class=\"wp-block-button__link has-superbfont-small-font-size has-custom-font-size wp-element-button\" href=\"https:\/\/almas-architecture.com\/index.php\/contact\/\">Nous contacter<\/a><\/div>\n<\/div>\n<\/div>\n<\/div>\n\n\n\n<div class=\"wp-block-group alignfull has-global-padding is-layout-constrained wp-container-core-group-is-layout-ff1d0dc0 wp-block-group-is-layout-constrained has-background\" style=\"border-top-left-radius:0px;border-top-right-radius:0px;border-bottom-left-radius:0px;border-bottom-right-radius:0px;margin-top:0;margin-bottom:0;padding-top:var(--wp--preset--spacing--superbspacing-xxlarge);padding-right:var(--wp--preset--spacing--superbspacing-small);padding-bottom:var(--wp--preset--spacing--superbspacing-xxlarge);padding-left:var(--wp--preset--spacing--superbspacing-small);background-image:url(&apos;http:\/\/almas-architecture.com\/wp-content\/uploads\/2026\/01\/haussmanien.jpg&apos;);background-size:cover;\">\n<div class=\"wp-block-group alignwide has-global-padding is-content-justification-center is-layout-constrained wp-container-core-group-is-layout-e99e6284 wp-block-group-is-layout-constrained\"><div style=\"margin-top:0;margin-bottom:0;margin-left:0;margin-right:0;\" class=\"aligncenter is-style-rounded is-style-rounded--5 wp-block-site-logo wp-duotone-unset-6\"><a href=\"https:\/\/almas-architecture.com\/\" class=\"custom-logo-link\" rel=\"home\"><img loading=\"lazy\" decoding=\"async\" width=\"540\" height=\"540\" src=\"https:\/\/almas-architecture.com\/wp-content\/uploads\/2026\/01\/photo-Copie.jpg\" class=\"custom-logo\" alt=\"ALMAS\" srcset=\"https:\/\/almas-architecture.com\/wp-content\/uploads\/2026\/01\/photo-Copie.jpg 640w, https:\/\/almas-architecture.com\/wp-content\/uploads\/2026\/01\/photo-Copie-300x300.jpg 300w, https:\/\/almas-architecture.com\/wp-content\/uploads\/2026\/01\/photo-Copie-150x150.jpg 150w\" sizes=\"auto, (max-width: 540px) 100vw, 540px\" \/><\/a><\/div><\/div>\n\n\n\n<p><\/p>\n<\/div>\n<\/div>\n","protected":false},"excerpt":{"rendered":"<p>ALMAS Notre \u00e9thique Respecter l\u2019histoire, agir avec int\u00e9grit\u00e9 et imaginer des espaces durables : telle est notre approche de l\u2019architecture. H\u00e9ritage et m\u00e9moire des lieux Nous attachons une grande importance \u00e0 l\u2019histoire. Chaque projet na\u00eet d\u2019une lecture attentive du site et de son pass\u00e9, afin de pr\u00e9server son identit\u00e9 tout en l\u2019adaptant aux exigences contemporaines. [&hellip;]<\/p>\n","protected":false},"author":1,"featured_media":0,"parent":0,"menu_order":0,"comment_status":"closed","ping_status":"closed","template":"","meta":{"footnotes":""},"class_list":["post-24","page","type-page","status-publish","hentry"],"_links":{"self":[{"href":"https:\/\/almas-architecture.com\/index.php\/wp-json\/wp\/v2\/pages\/24","targetHints":{"allow":["GET"]}}],"collection":[{"href":"https:\/\/almas-architecture.com\/index.php\/wp-json\/wp\/v2\/pages"}],"about":[{"href":"https:\/\/almas-architecture.com\/index.php\/wp-json\/wp\/v2\/types\/page"}],"author":[{"embeddable":true,"href":"https:\/\/almas-architecture.com\/index.php\/wp-json\/wp\/v2\/users\/1"}],"replies":[{"embeddable":true,"href":"https:\/\/almas-architecture.com\/index.php\/wp-json\/wp\/v2\/comments?post=24"}],"version-history":[{"count":41,"href":"https:\/\/almas-architecture.com\/index.php\/wp-json\/wp\/v2\/pages\/24\/revisions"}],"predecessor-version":[{"id":340,"href":"https:\/\/almas-architecture.com\/index.php\/wp-json\/wp\/v2\/pages\/24\/revisions\/340"}],"wp:attachment":[{"href":"https:\/\/almas-architecture.com\/index.php\/wp-json\/wp\/v2\/media?parent=24"}],"curies":[{"name":"wp","href":"https:\/\/api.w.org\/{rel}","templated":true}]}}