{"id":26,"date":"2026-01-27T23:59:30","date_gmt":"2026-01-27T23:59:30","guid":{"rendered":"https:\/\/almas-architecture.com\/index.php\/projets\/"},"modified":"2026-02-14T00:24:36","modified_gmt":"2026-02-14T00:24:36","slug":"projets","status":"publish","type":"page","link":"https:\/\/almas-architecture.com\/index.php\/projets\/","title":{"rendered":"PROJETS"},"content":{"rendered":"\n<div class=\"wp-block-group alignfull has-mono-4-background-color has-background has-global-padding is-layout-constrained wp-container-core-group-is-layout-931e5abc wp-block-group-is-layout-constrained\" style=\"margin-top:0;margin-bottom:0;padding-top:0;padding-right:0;padding-bottom:0;padding-left:0\">\n<div class=\"wp-block-columns alignwide is-layout-flex wp-container-core-columns-is-layout-f9d87e41 wp-block-columns-is-layout-flex\">\n<div class=\"wp-block-column is-vertically-aligned-center is-layout-flow wp-container-core-column-is-layout-db2cb278 wp-block-column-is-layout-flow\">\n<figure class=\"wp-block-image size-large has-custom-border\" style=\"margin-top:0;margin-right:0;margin-bottom:0;margin-left:0\"><a href=\"https:\/\/almas-architecture.com\/index.php\/pro-les-maisons-de-la-foret\/\"><img loading=\"lazy\" decoding=\"async\" width=\"1024\" height=\"1024\" src=\"http:\/\/almas-architecture.com\/wp-content\/uploads\/2026\/01\/20240408_1-photo_12-photo-Copie-1-1024x1024.jpg\" alt=\"\" class=\"wp-image-155\" style=\"border-radius:8px;aspect-ratio:1;object-fit:cover\" srcset=\"https:\/\/almas-architecture.com\/wp-content\/uploads\/2026\/01\/20240408_1-photo_12-photo-Copie-1-1024x1024.jpg 1024w, https:\/\/almas-architecture.com\/wp-content\/uploads\/2026\/01\/20240408_1-photo_12-photo-Copie-1-300x300.jpg 300w, https:\/\/almas-architecture.com\/wp-content\/uploads\/2026\/01\/20240408_1-photo_12-photo-Copie-1-150x150.jpg 150w, https:\/\/almas-architecture.com\/wp-content\/uploads\/2026\/01\/20240408_1-photo_12-photo-Copie-1-768x768.jpg 768w, https:\/\/almas-architecture.com\/wp-content\/uploads\/2026\/01\/20240408_1-photo_12-photo-Copie-1-1536x1536.jpg 1536w, https:\/\/almas-architecture.com\/wp-content\/uploads\/2026\/01\/20240408_1-photo_12-photo-Copie-1-2048x2048.jpg 2048w\" sizes=\"auto, (max-width: 1024px) 100vw, 1024px\" \/><\/a><\/figure>\n\n\n\n<div class=\"wp-block-group has-global-padding is-layout-constrained wp-container-core-group-is-layout-85cc789f wp-block-group-is-layout-constrained\">\n<div class=\"wp-block-group has-global-padding is-layout-constrained wp-container-core-group-is-layout-19e250f3 wp-block-group-is-layout-constrained\">\n<h3 class=\"wp-block-heading has-text-align-left has-contrast-color has-text-color has-superbfont-medium-font-size\">PROJET A<\/h3>\n<\/div>\n\n\n\n<p class=\"has-text-align-left has-mono-2-color has-text-color has-superbfont-xsmall-font-size\" style=\"margin-top:0;margin-bottom:0\">R\u00e9habilitation<\/p>\n<\/div>\n<\/div>\n\n\n\n<div class=\"wp-block-column is-vertically-aligned-center is-layout-flow wp-container-core-column-is-layout-db2cb278 wp-block-column-is-layout-flow\">\n<figure class=\"wp-block-image size-large has-custom-border\" style=\"margin-top:0;margin-right:0;margin-bottom:0;margin-left:0\"><a href=\"https:\/\/almas-architecture.com\/index.php\/pro-les-maisons-de-la-foret\/\"><img loading=\"lazy\" decoding=\"async\" width=\"1024\" height=\"1024\" src=\"http:\/\/almas-architecture.com\/wp-content\/uploads\/2026\/01\/perspective_b-6-Copie-1024x1024.jpg\" alt=\"\" class=\"wp-image-87\" style=\"border-style:none;border-width:0px;border-top-left-radius:8px;border-top-right-radius:8px;border-bottom-left-radius:8px;border-bottom-right-radius:8px;aspect-ratio:1;object-fit:cover\" srcset=\"https:\/\/almas-architecture.com\/wp-content\/uploads\/2026\/01\/perspective_b-6-Copie-1024x1024.jpg 1024w, https:\/\/almas-architecture.com\/wp-content\/uploads\/2026\/01\/perspective_b-6-Copie-300x300.jpg 300w, https:\/\/almas-architecture.com\/wp-content\/uploads\/2026\/01\/perspective_b-6-Copie-150x150.jpg 150w, https:\/\/almas-architecture.com\/wp-content\/uploads\/2026\/01\/perspective_b-6-Copie-768x768.jpg 768w, https:\/\/almas-architecture.com\/wp-content\/uploads\/2026\/01\/perspective_b-6-Copie-1536x1536.jpg 1536w, https:\/\/almas-architecture.com\/wp-content\/uploads\/2026\/01\/perspective_b-6-Copie-2048x2048.jpg 2048w\" sizes=\"auto, (max-width: 1024px) 100vw, 1024px\" \/><\/a><\/figure>\n\n\n\n<div class=\"wp-block-group has-global-padding is-layout-constrained wp-container-core-group-is-layout-85cc789f wp-block-group-is-layout-constrained\">\n<div class=\"wp-block-group has-global-padding is-layout-constrained wp-container-core-group-is-layout-19e250f3 wp-block-group-is-layout-constrained\">\n<h3 class=\"wp-block-heading has-text-align-left has-contrast-color has-text-color has-superbfont-medium-font-size\">PROJET B<\/h3>\n<\/div>\n\n\n\n<p class=\"has-text-align-left has-mono-2-color has-text-color has-superbfont-xsmall-font-size\" style=\"margin-top:0;margin-bottom:0\">R\u00e9novation<\/p>\n<\/div>\n<\/div>\n\n\n\n<div class=\"wp-block-column is-vertically-aligned-center is-layout-flow wp-container-core-column-is-layout-db2cb278 wp-block-column-is-layout-flow\">\n<figure class=\"wp-block-image size-full has-custom-border wp-duotone-grayscale\"><img loading=\"lazy\" decoding=\"async\" width=\"768\" height=\"960\" src=\"http:\/\/almas-architecture.com\/wp-content\/uploads\/2026\/01\/seine-1.jpg\" alt=\"\" class=\"wp-image-135\" style=\"border-radius:8px;aspect-ratio:1;object-fit:cover\" srcset=\"https:\/\/almas-architecture.com\/wp-content\/uploads\/2026\/01\/seine-1.jpg 768w, https:\/\/almas-architecture.com\/wp-content\/uploads\/2026\/01\/seine-1-240x300.jpg 240w\" sizes=\"auto, (max-width: 768px) 100vw, 768px\" \/><\/figure>\n\n\n\n<div class=\"wp-block-group has-global-padding is-layout-constrained wp-container-core-group-is-layout-85cc789f wp-block-group-is-layout-constrained\">\n<div class=\"wp-block-group has-global-padding is-layout-constrained wp-container-core-group-is-layout-19e250f3 wp-block-group-is-layout-constrained\">\n<h3 class=\"wp-block-heading has-text-align-left has-contrast-color has-text-color has-superbfont-medium-font-size\">PROJET C<\/h3>\n<\/div>\n\n\n\n<p class=\"has-text-align-left has-mono-2-color has-text-color has-superbfont-xsmall-font-size\" style=\"margin-top:0;margin-bottom:0\">Habitat Participatif<\/p>\n<\/div>\n<\/div>\n<\/div>\n\n\n\n<div class=\"wp-block-columns alignwide is-layout-flex wp-container-core-columns-is-layout-f9d87e41 wp-block-columns-is-layout-flex\">\n<div class=\"wp-block-column is-vertically-aligned-center is-layout-flow wp-container-core-column-is-layout-db2cb278 wp-block-column-is-layout-flow\">\n<figure class=\"wp-block-image size-full has-custom-border\"><img loading=\"lazy\" decoding=\"async\" width=\"709\" height=\"764\" src=\"http:\/\/almas-architecture.com\/wp-content\/uploads\/2026\/02\/Carte-.png\" alt=\"\" class=\"wp-image-266\" style=\"border-radius:8px;aspect-ratio:1;object-fit:cover\" srcset=\"https:\/\/almas-architecture.com\/wp-content\/uploads\/2026\/02\/Carte-.png 709w, https:\/\/almas-architecture.com\/wp-content\/uploads\/2026\/02\/Carte--278x300.png 278w\" sizes=\"auto, (max-width: 709px) 100vw, 709px\" \/><\/figure>\n\n\n\n<div class=\"wp-block-group has-global-padding is-layout-constrained wp-container-core-group-is-layout-85cc789f wp-block-group-is-layout-constrained\">\n<div class=\"wp-block-group has-global-padding is-layout-constrained wp-container-core-group-is-layout-19e250f3 wp-block-group-is-layout-constrained\">\n<h3 class=\"wp-block-heading has-text-align-left has-contrast-color has-text-color has-superbfont-medium-font-size\">PROJET D<\/h3>\n<\/div>\n\n\n\n<p class=\"has-text-align-left has-mono-2-color has-text-color has-superbfont-xsmall-font-size\" style=\"margin-top:0;margin-bottom:0\">Photographie<\/p>\n<\/div>\n<\/div>\n\n\n\n<div class=\"wp-block-column is-vertically-aligned-center is-layout-flow wp-container-core-column-is-layout-db2cb278 wp-block-column-is-layout-flow\">\n<figure class=\"wp-block-image size-full has-custom-border\" style=\"margin-top:0;margin-right:0;margin-bottom:0;margin-left:0\"><img loading=\"lazy\" decoding=\"async\" width=\"768\" height=\"960\" src=\"http:\/\/almas-architecture.com\/wp-content\/uploads\/2026\/01\/haussmanien.jpg\" alt=\"\" class=\"wp-image-133\" style=\"border-style:none;border-width:0px;border-top-left-radius:8px;border-top-right-radius:8px;border-bottom-left-radius:8px;border-bottom-right-radius:8px;aspect-ratio:1;object-fit:cover\" srcset=\"https:\/\/almas-architecture.com\/wp-content\/uploads\/2026\/01\/haussmanien.jpg 768w, https:\/\/almas-architecture.com\/wp-content\/uploads\/2026\/01\/haussmanien-240x300.jpg 240w\" sizes=\"auto, (max-width: 768px) 100vw, 768px\" \/><\/figure>\n\n\n\n<div class=\"wp-block-group has-global-padding is-layout-constrained wp-container-core-group-is-layout-85cc789f wp-block-group-is-layout-constrained\">\n<div class=\"wp-block-group has-global-padding is-layout-constrained wp-container-core-group-is-layout-19e250f3 wp-block-group-is-layout-constrained\">\n<h3 class=\"wp-block-heading has-text-align-left has-contrast-color has-text-color has-superbfont-medium-font-size\">PROJET E<\/h3>\n<\/div>\n\n\n\n<p class=\"has-text-align-left has-mono-2-color has-text-color has-superbfont-xsmall-font-size\" style=\"margin-top:0;margin-bottom:0\">Conception<\/p>\n<\/div>\n<\/div>\n\n\n\n<div class=\"wp-block-column is-vertically-aligned-center is-layout-flow wp-container-core-column-is-layout-db2cb278 wp-block-column-is-layout-flow\">\n<figure class=\"wp-block-image size-full has-custom-border wp-duotone-grayscale\"><img loading=\"lazy\" decoding=\"async\" width=\"768\" height=\"512\" src=\"http:\/\/almas-architecture.com\/wp-content\/uploads\/2026\/01\/IMG_0726-768x960-4.jpg\" alt=\"\" class=\"wp-image-65\" style=\"border-radius:8px;aspect-ratio:1;object-fit:cover\" srcset=\"https:\/\/almas-architecture.com\/wp-content\/uploads\/2026\/01\/IMG_0726-768x960-4.jpg 768w, https:\/\/almas-architecture.com\/wp-content\/uploads\/2026\/01\/IMG_0726-768x960-4-300x200.jpg 300w\" sizes=\"auto, (max-width: 768px) 100vw, 768px\" \/><\/figure>\n\n\n\n<div class=\"wp-block-group has-global-padding is-layout-constrained wp-container-core-group-is-layout-85cc789f wp-block-group-is-layout-constrained\">\n<div class=\"wp-block-group has-global-padding is-layout-constrained wp-container-core-group-is-layout-19e250f3 wp-block-group-is-layout-constrained\">\n<h3 class=\"wp-block-heading has-text-align-left has-contrast-color has-text-color has-superbfont-medium-font-size\">PROJET F<\/h3>\n<\/div>\n\n\n\n<p class=\"has-text-align-left has-mono-2-color has-text-color has-superbfont-xsmall-font-size\" style=\"margin-top:0;margin-bottom:0\">Restructuration<\/p>\n<\/div>\n<\/div>\n<\/div>\n\n\n\n<div class=\"wp-block-columns alignwide is-layout-flex wp-container-core-columns-is-layout-f9d87e41 wp-block-columns-is-layout-flex\">\n<div class=\"wp-block-column is-vertically-aligned-center is-layout-flow wp-container-core-column-is-layout-db2cb278 wp-block-column-is-layout-flow\">\n<figure class=\"wp-block-image size-full has-custom-border\"><img loading=\"lazy\" decoding=\"async\" width=\"2048\" height=\"2560\" src=\"http:\/\/almas-architecture.com\/wp-content\/uploads\/2026\/02\/Alma-Portrait_Mathias_2-1-scaled.jpg\" alt=\"\" class=\"wp-image-343\" style=\"border-radius:8px;aspect-ratio:1;object-fit:cover\" srcset=\"https:\/\/almas-architecture.com\/wp-content\/uploads\/2026\/02\/Alma-Portrait_Mathias_2-1-scaled.jpg 2048w, https:\/\/almas-architecture.com\/wp-content\/uploads\/2026\/02\/Alma-Portrait_Mathias_2-1-240x300.jpg 240w, https:\/\/almas-architecture.com\/wp-content\/uploads\/2026\/02\/Alma-Portrait_Mathias_2-1-819x1024.jpg 819w, https:\/\/almas-architecture.com\/wp-content\/uploads\/2026\/02\/Alma-Portrait_Mathias_2-1-768x960.jpg 768w, https:\/\/almas-architecture.com\/wp-content\/uploads\/2026\/02\/Alma-Portrait_Mathias_2-1-1229x1536.jpg 1229w, https:\/\/almas-architecture.com\/wp-content\/uploads\/2026\/02\/Alma-Portrait_Mathias_2-1-1638x2048.jpg 1638w\" sizes=\"auto, (max-width: 2048px) 100vw, 2048px\" \/><\/figure>\n\n\n\n<div class=\"wp-block-group has-global-padding is-layout-constrained wp-container-core-group-is-layout-85cc789f wp-block-group-is-layout-constrained\">\n<div class=\"wp-block-group has-global-padding is-layout-constrained wp-container-core-group-is-layout-19e250f3 wp-block-group-is-layout-constrained\">\n<h3 class=\"wp-block-heading has-text-align-left has-contrast-color has-text-color has-superbfont-medium-font-size\">PROJET G<\/h3>\n<\/div>\n\n\n\n<p class=\"has-text-align-left has-mono-2-color has-text-color has-superbfont-xsmall-font-size\" style=\"margin-top:0;margin-bottom:0\">Assistant \u00e0 ma\u00eetrise d&rsquo;ouvrage<\/p>\n<\/div>\n<\/div>\n\n\n\n<div class=\"wp-block-column is-vertically-aligned-center is-layout-flow wp-container-core-column-is-layout-db2cb278 wp-block-column-is-layout-flow\">\n<figure class=\"wp-block-image size-full has-custom-border\" style=\"margin-top:0;margin-right:0;margin-bottom:0;margin-left:0\"><img loading=\"lazy\" decoding=\"async\" width=\"2048\" height=\"2560\" src=\"http:\/\/almas-architecture.com\/wp-content\/uploads\/2026\/02\/Alma-Portrait_Matteo_1-1-scaled.jpg\" alt=\"\" class=\"wp-image-344\" style=\"border-style:none;border-width:0px;border-top-left-radius:8px;border-top-right-radius:8px;border-bottom-left-radius:8px;border-bottom-right-radius:8px;aspect-ratio:1;object-fit:cover\" srcset=\"https:\/\/almas-architecture.com\/wp-content\/uploads\/2026\/02\/Alma-Portrait_Matteo_1-1-scaled.jpg 2048w, https:\/\/almas-architecture.com\/wp-content\/uploads\/2026\/02\/Alma-Portrait_Matteo_1-1-240x300.jpg 240w, https:\/\/almas-architecture.com\/wp-content\/uploads\/2026\/02\/Alma-Portrait_Matteo_1-1-819x1024.jpg 819w, https:\/\/almas-architecture.com\/wp-content\/uploads\/2026\/02\/Alma-Portrait_Matteo_1-1-768x960.jpg 768w, https:\/\/almas-architecture.com\/wp-content\/uploads\/2026\/02\/Alma-Portrait_Matteo_1-1-1229x1536.jpg 1229w, https:\/\/almas-architecture.com\/wp-content\/uploads\/2026\/02\/Alma-Portrait_Matteo_1-1-1639x2048.jpg 1639w\" sizes=\"auto, (max-width: 2048px) 100vw, 2048px\" \/><\/figure>\n\n\n\n<div class=\"wp-block-group has-global-padding is-layout-constrained wp-container-core-group-is-layout-85cc789f wp-block-group-is-layout-constrained\">\n<div class=\"wp-block-group has-global-padding is-layout-constrained wp-container-core-group-is-layout-19e250f3 wp-block-group-is-layout-constrained\">\n<h3 class=\"wp-block-heading has-text-align-left has-contrast-color has-text-color has-superbfont-medium-font-size\">PROJET H<\/h3>\n<\/div>\n\n\n\n<p class=\"has-text-align-left has-mono-2-color has-text-color has-superbfont-xsmall-font-size\" style=\"margin-top:0;margin-bottom:0\">Conception R\u00e9alisation<\/p>\n<\/div>\n<\/div>\n\n\n\n<div class=\"wp-block-column is-vertically-aligned-center is-layout-flow wp-container-core-column-is-layout-db2cb278 wp-block-column-is-layout-flow\">\n<figure class=\"wp-block-image size-full has-custom-border wp-duotone-grayscale\"><img loading=\"lazy\" decoding=\"async\" width=\"2048\" height=\"2560\" src=\"http:\/\/almas-architecture.com\/wp-content\/uploads\/2026\/01\/IMG-20250723-WA0010-scaled.jpg\" alt=\"\" class=\"wp-image-35\" style=\"border-radius:8px;aspect-ratio:1;object-fit:cover\" srcset=\"https:\/\/almas-architecture.com\/wp-content\/uploads\/2026\/01\/IMG-20250723-WA0010-scaled.jpg 2048w, https:\/\/almas-architecture.com\/wp-content\/uploads\/2026\/01\/IMG-20250723-WA0010-240x300.jpg 240w, https:\/\/almas-architecture.com\/wp-content\/uploads\/2026\/01\/IMG-20250723-WA0010-819x1024.jpg 819w, https:\/\/almas-architecture.com\/wp-content\/uploads\/2026\/01\/IMG-20250723-WA0010-768x960.jpg 768w, https:\/\/almas-architecture.com\/wp-content\/uploads\/2026\/01\/IMG-20250723-WA0010-1229x1536.jpg 1229w, https:\/\/almas-architecture.com\/wp-content\/uploads\/2026\/01\/IMG-20250723-WA0010-1639x2048.jpg 1639w\" sizes=\"auto, (max-width: 2048px) 100vw, 2048px\" \/><\/figure>\n\n\n\n<div class=\"wp-block-group has-global-padding is-layout-constrained wp-container-core-group-is-layout-85cc789f wp-block-group-is-layout-constrained\">\n<div class=\"wp-block-group has-global-padding is-layout-constrained wp-container-core-group-is-layout-19e250f3 wp-block-group-is-layout-constrained\">\n<h3 class=\"wp-block-heading has-text-align-left has-contrast-color has-text-color has-superbfont-medium-font-size\">PROJET I<\/h3>\n<\/div>\n\n\n\n<p class=\"has-text-align-left has-mono-2-color has-text-color has-superbfont-xsmall-font-size\" style=\"margin-top:0;margin-bottom:0\">Habitat Participatif<\/p>\n<\/div>\n<\/div>\n<\/div>\n<\/div>\n\n\n\n<p class=\"has-primary-color has-text-color has-link-color wp-elements-f53d0f2000e7e509d3e7c91eff2b425b\"><\/p>\n\n\n\n<hr class=\"wp-block-separator aligncenter has-alpha-channel-opacity is-style-wide\" style=\"margin-top:var(--wp--preset--spacing--superbspacing-xsmall);margin-bottom:var(--wp--preset--spacing--superbspacing-xsmall)\"\/>\n\n\n\n<div class=\"wp-block-group has-global-padding is-layout-constrained wp-block-group-is-layout-constrained\">\n<h2 data-wp-context---core-fit-text=\"core\/fit-text::{&quot;fontSize&quot;:&quot;&quot;}\" data-wp-init---core-fit-text=\"core\/fit-text::callbacks.init\" data-wp-interactive data-wp-style--font-size=\"core\/fit-text::context.fontSize\" class=\"wp-block-heading has-fit-text\">ALMAS<\/h2>\n\n\n\n<hr class=\"wp-block-separator has-alpha-channel-opacity is-style-wide\"\/>\n\n\n\n<p data-wp-context---core-fit-text=\"core\/fit-text::{&quot;fontSize&quot;:&quot;&quot;}\" data-wp-init---core-fit-text=\"core\/fit-text::callbacks.init\" data-wp-interactive data-wp-style--font-size=\"core\/fit-text::context.fontSize\" class=\"has-fit-text\">ALGANE LANDES MEREA ARCHITECTURE STUDIO<\/p>\n<\/div>\n\n\n\n<hr class=\"wp-block-separator has-alpha-channel-opacity is-style-wide\"\/>\n\n\n\n<p><\/p>\n","protected":false},"excerpt":{"rendered":"<p>PROJET A R\u00e9habilitation PROJET B R\u00e9novation PROJET C Habitat Participatif PROJET D Photographie PROJET E Conception PROJET F Restructuration PROJET G Assistant \u00e0 ma\u00eetrise d&rsquo;ouvrage PROJET H Conception R\u00e9alisation PROJET I Habitat Participatif ALMAS ALGANE LANDES MEREA ARCHITECTURE STUDIO<\/p>\n","protected":false},"author":1,"featured_media":0,"parent":0,"menu_order":0,"comment_status":"closed","ping_status":"closed","template":"","meta":{"footnotes":""},"class_list":["post-26","page","type-page","status-publish","hentry"],"_links":{"self":[{"href":"https:\/\/almas-architecture.com\/index.php\/wp-json\/wp\/v2\/pages\/26","targetHints":{"allow":["GET"]}}],"collection":[{"href":"https:\/\/almas-architecture.com\/index.php\/wp-json\/wp\/v2\/pages"}],"about":[{"href":"https:\/\/almas-architecture.com\/index.php\/wp-json\/wp\/v2\/types\/page"}],"author":[{"embeddable":true,"href":"https:\/\/almas-architecture.com\/index.php\/wp-json\/wp\/v2\/users\/1"}],"replies":[{"embeddable":true,"href":"https:\/\/almas-architecture.com\/index.php\/wp-json\/wp\/v2\/comments?post=26"}],"version-history":[{"count":42,"href":"https:\/\/almas-architecture.com\/index.php\/wp-json\/wp\/v2\/pages\/26\/revisions"}],"predecessor-version":[{"id":490,"href":"https:\/\/almas-architecture.com\/index.php\/wp-json\/wp\/v2\/pages\/26\/revisions\/490"}],"wp:attachment":[{"href":"https:\/\/almas-architecture.com\/index.php\/wp-json\/wp\/v2\/media?parent=26"}],"curies":[{"name":"wp","href":"https:\/\/api.w.org\/{rel}","templated":true}]}}